{"id":21,"date":"2025-11-25T19:23:38","date_gmt":"2025-11-25T19:23:38","guid":{"rendered":"https:\/\/renatadermato.com.br\/?page_id=21"},"modified":"2026-02-23T16:22:59","modified_gmt":"2026-02-23T16:22:59","slug":"home","status":"publish","type":"page","link":"https:\/\/renatadermato.com.br\/","title":{"rendered":"Home"},"content":{"rendered":"<p>[et_pb_section fb_built=&#8221;1&#8243; admin_label=&#8221;section&#8221; _builder_version=&#8221;4.16&#8243; custom_padding=&#8221;||0px|||&#8221; global_colors_info=&#8221;{}&#8221;][et_pb_row column_structure=&#8221;1_4,1_2,1_4&#8243; use_custom_gutter=&#8221;on&#8221; admin_label=&#8221;row&#8221; _builder_version=&#8221;4.22.2&#8243; background_size=&#8221;initial&#8221; background_position=&#8221;top_left&#8221; background_repeat=&#8221;repeat&#8221; width=&#8221;100%&#8221; custom_margin=&#8221;-47px|auto||auto||&#8221; custom_padding=&#8221;||0px|||&#8221; global_colors_info=&#8221;{}&#8221;][et_pb_column type=&#8221;1_4&#8243; _builder_version=&#8221;4.16&#8243; custom_padding=&#8221;|||&#8221; global_colors_info=&#8221;{}&#8221; custom_padding__hover=&#8221;|||&#8221;][et_pb_image src=&#8221;https:\/\/renatadermato.com.br\/wp-content\/uploads\/2025\/11\/horizontal_branco.png&#8221; title_text=&#8221;Dra Renata Dermato&#8221; align_tablet=&#8221;&#8221; align_phone=&#8221;center&#8221; align_last_edited=&#8221;on|phone&#8221; _builder_version=&#8221;4.22.2&#8243; _module_preset=&#8221;default&#8221; width_tablet=&#8221;&#8221; width_phone=&#8221;73%&#8221; width_last_edited=&#8221;on|phone&#8221; global_colors_info=&#8221;{}&#8221;][\/et_pb_image][\/et_pb_column][et_pb_column type=&#8221;1_2&#8243; _builder_version=&#8221;4.16&#8243; custom_padding=&#8221;|||&#8221; global_colors_info=&#8221;{}&#8221; custom_padding__hover=&#8221;|||&#8221;][et_pb_menu menu_id=&#8221;none&#8221; menu_style=&#8221;centered&#8221; dropdown_menu_bg_color=&#8221;#FFFFFF&#8221; dropdown_menu_line_color=&#8221;#755c49&#8243; cart_icon_color=&#8221;#755c49&#8243; search_icon_color=&#8221;#755c49&#8243; menu_icon_color=&#8221;#755c49&#8243; _builder_version=&#8221;4.22.2&#8243; _module_preset=&#8221;default&#8221; menu_font=&#8221;Abel||||||||&#8221; menu_font_size=&#8221;18px&#8221; custom_margin=&#8221;18px|||||&#8221; custom_margin_tablet=&#8221;18px|||||&#8221; custom_margin_phone=&#8221;0px||||false|false&#8221; custom_margin_last_edited=&#8221;on|phone&#8221; global_colors_info=&#8221;{}&#8221;][\/et_pb_menu][\/et_pb_column][et_pb_column type=&#8221;1_4&#8243; _builder_version=&#8221;4.16&#8243; custom_padding=&#8221;|||&#8221; global_colors_info=&#8221;{}&#8221; custom_padding__hover=&#8221;|||&#8221;][et_pb_button button_url=&#8221;https:\/\/wa.me\/5548991896411?text=Cheguei%20aqui%20atrav%C3%A9s%20do%20site%2C%20gostaria%20de%20mais%20informa%C3%A7%C3%B5es!&#8221; url_new_window=&#8221;on&#8221; button_text=&#8221;Agendar avalia\u00e7\u00e3o&#8221; button_alignment_tablet=&#8221;&#8221; button_alignment_phone=&#8221;center&#8221; button_alignment_last_edited=&#8221;on|phone&#8221; _builder_version=&#8221;4.22.2&#8243; _module_preset=&#8221;default&#8221; custom_button=&#8221;on&#8221; button_text_color=&#8221;#765d4a&#8221; button_border_width=&#8221;1px&#8221; button_border_radius=&#8221;100px&#8221; button_font=&#8221;Abel||||||||&#8221; button_icon=&#8221;&#xf073;||fa||400&#8243; button_icon_placement=&#8221;left&#8221; button_on_hover=&#8221;off&#8221; custom_margin=&#8221;8px|||||&#8221; custom_margin_tablet=&#8221;8px|||||&#8221; custom_margin_phone=&#8221;-5px||30px||false|false&#8221; custom_margin_last_edited=&#8221;on|phone&#8221; custom_padding=&#8221;||0px||false|false&#8221; hover_enabled=&#8221;0&#8243; global_colors_info=&#8221;{}&#8221; sticky_enabled=&#8221;0&#8243;][\/et_pb_button][\/et_pb_column][\/et_pb_row][\/et_pb_section][et_pb_section fb_built=&#8221;1&#8243; _builder_version=&#8221;4.22.2&#8243; _module_preset=&#8221;default&#8221; background_image=&#8221;https:\/\/renatadermato.com.br\/wp-content\/uploads\/2025\/11\/PastelGradient5.png&#8221; background_enable_pattern_style=&#8221;on&#8221; background_pattern_style=&#8221;tufted&#8221; background_pattern_color=&#8221;#e0cdc0&#8243; custom_padding=&#8221;||0px|||&#8221; global_colors_info=&#8221;{}&#8221;][et_pb_row column_structure=&#8221;1_2,1_2&#8243; _builder_version=&#8221;4.22.2&#8243; _module_preset=&#8221;default&#8221; custom_padding=&#8221;||0px|||&#8221; global_colors_info=&#8221;{}&#8221;][et_pb_column type=&#8221;1_2&#8243; _builder_version=&#8221;4.22.2&#8243; _module_preset=&#8221;default&#8221; global_colors_info=&#8221;{}&#8221;][et_pb_text content_tablet=&#8221;<\/p>\n<h1>Beleza natural \u00e9 uma forma de arte. E a arte est\u00e1 nos detalhes.<\/h1>\n<p>&#8221; content_phone=&#8221;<\/p>\n<h1 style=%22text-align: center;%22>Beleza natural \u00e9 uma forma de arte. E a arte est\u00e1 nos detalhes.<\/h1>\n<p>&#8221; content_last_edited=&#8221;on|phone&#8221; _builder_version=&#8221;4.22.2&#8243; _module_preset=&#8221;default&#8221; header_font=&#8221;Alegreya Sans|800|||||||&#8221; header_text_color=&#8221;#765d4a&#8221; header_font_size=&#8221;49px&#8221; custom_margin_tablet=&#8221;&#8221; custom_margin_phone=&#8221;-30px||||false|false&#8221; custom_margin_last_edited=&#8221;on|phone&#8221; header_font_size_tablet=&#8221;49px&#8221; header_font_size_phone=&#8221;36px&#8221; header_font_size_last_edited=&#8221;on|phone&#8221; global_colors_info=&#8221;{}&#8221;]<\/p>\n<h1>Beleza natural \u00e9 uma forma de arte. E a arte est\u00e1 nos detalhes.<\/h1>\n<p>[\/et_pb_text][et_pb_text content_tablet=&#8221;<\/p>\n<h2><span style=%22font-weight: 400;%22>Dermatologia est\u00e9tica com mais de 10 anos de experi\u00eancia em <\/span><b>tratamentos faciais e rejuvenescimento da pele<\/b><span style=%22font-weight: 400;%22> resultados sutis, harm\u00f4nicos e duradouros.<\/span><\/h2>\n<p>&#8221; content_phone=&#8221;<\/p>\n<h2 style=%22text-align: center;%22><span style=%22font-weight: 400;%22>Dermatologia est\u00e9tica com mais de 10 anos de experi\u00eancia em <\/span><b>tratamentos faciais e rejuvenescimento da pele<\/b><span style=%22font-weight: 400;%22> resultados sutis, harm\u00f4nicos e duradouros.<\/span><\/h2>\n<p>&#8221; content_last_edited=&#8221;on|phone&#8221; _builder_version=&#8221;4.22.2&#8243; _module_preset=&#8221;default&#8221; header_2_font=&#8221;Abel||||||||&#8221; header_2_text_color=&#8221;#56524c&#8221; header_2_line_height=&#8221;1.6em&#8221; custom_margin=&#8221;-32px||11px|||&#8221; global_colors_info=&#8221;{}&#8221;]<\/p>\n<h2><span style=\"font-weight: 400;\">Dermatologia est\u00e9tica com mais de 10 anos de experi\u00eancia em <\/span><b>tratamentos faciais e rejuvenescimento da pele<\/b><span style=\"font-weight: 400;\"> resultados sutis, harm\u00f4nicos e duradouros.<\/span><\/h2>\n<p>[\/et_pb_text][et_pb_button button_url=&#8221;https:\/\/wa.me\/5548991896411?text=Cheguei%20aqui%20atrav%C3%A9s%20do%20site%2C%20gostaria%20de%20mais%20informa%C3%A7%C3%B5es!&#8221; url_new_window=&#8221;on&#8221; button_text=&#8221;Agendar avalia\u00e7\u00e3o pelo WhatsApp&#8221; button_alignment_tablet=&#8221;&#8221; button_alignment_phone=&#8221;center&#8221; button_alignment_last_edited=&#8221;on|phone&#8221; _builder_version=&#8221;4.22.2&#8243; _module_preset=&#8221;default&#8221; custom_button=&#8221;on&#8221; button_text_color=&#8221;#765d4a&#8221; button_border_width=&#8221;1px&#8221; button_border_radius=&#8221;100px&#8221; button_font=&#8221;Abel||||||||&#8221; button_icon=&#8221;&#xf232;||fa||400&#8243; button_icon_placement=&#8221;left&#8221; button_on_hover=&#8221;off&#8221; custom_margin=&#8221;8px|||||&#8221; hover_enabled=&#8221;0&#8243; global_colors_info=&#8221;{}&#8221; sticky_enabled=&#8221;0&#8243;][\/et_pb_button][\/et_pb_column][et_pb_column type=&#8221;1_2&#8243; _builder_version=&#8221;4.22.2&#8243; _module_preset=&#8221;default&#8221; global_colors_info=&#8221;{}&#8221;][et_pb_image src=&#8221;https:\/\/renatadermato.com.br\/wp-content\/uploads\/2025\/11\/Dra-Renata-Topo-Site.png&#8221; title_text=&#8221;Dra Renata Dermato&#8221; align=&#8221;center&#8221; _builder_version=&#8221;4.22.2&#8243; _module_preset=&#8221;default&#8221; width=&#8221;82%&#8221; custom_margin=&#8221;-100px|||||&#8221; custom_margin_tablet=&#8221;-100px|||||&#8221; custom_margin_phone=&#8221;0px||||false|false&#8221; custom_margin_last_edited=&#8221;on|phone&#8221; custom_padding=&#8221;0px|||||&#8221; global_colors_info=&#8221;{}&#8221;][\/et_pb_image][\/et_pb_column][\/et_pb_row][\/et_pb_section][et_pb_section fb_built=&#8221;1&#8243; disabled_on=&#8221;on|off|off&#8221; module_id=&#8221;sobre&#8221; _builder_version=&#8221;4.22.2&#8243; _module_preset=&#8221;default&#8221; custom_padding=&#8221;||9px|||&#8221; global_colors_info=&#8221;{}&#8221;][et_pb_row column_structure=&#8221;2_5,3_5&#8243; _builder_version=&#8221;4.22.2&#8243; _module_preset=&#8221;default&#8221; global_colors_info=&#8221;{}&#8221;][et_pb_column type=&#8221;2_5&#8243; _builder_version=&#8221;4.22.2&#8243; _module_preset=&#8221;default&#8221; global_colors_info=&#8221;{}&#8221;][et_pb_image src=&#8221;https:\/\/renatadermato.com.br\/wp-content\/uploads\/2025\/11\/LGF_2093.jpg&#8221; title_text=&#8221;Dra Renata Dermato&#8221; _builder_version=&#8221;4.22.2&#8243; _module_preset=&#8221;default&#8221; border_width_right=&#8221;2px&#8221; border_color_right=&#8221;#FFFFFF&#8221; border_width_bottom=&#8221;3px&#8221; border_color_bottom=&#8221;#FFFFFF&#8221; box_shadow_style=&#8221;preset4&#8243; box_shadow_horizontal=&#8221;23px&#8221; box_shadow_vertical=&#8221;26px&#8221; box_shadow_color=&#8221;#fff9ee&#8221; global_colors_info=&#8221;{}&#8221;][\/et_pb_image][\/et_pb_column][et_pb_column type=&#8221;3_5&#8243; _builder_version=&#8221;4.22.2&#8243; _module_preset=&#8221;default&#8221; global_colors_info=&#8221;{}&#8221;][et_pb_text content_tablet=&#8221;<\/p>\n<h1><b>Dra. Renata <br \/>Dario Simon<\/b><\/h1>\n<p>&#8221; content_phone=&#8221;<\/p>\n<h1 style=%22text-align: center;%22><b><\/b><\/h1>\n<h1 style=%22text-align: center;%22><b>Dra. Renata Dario Simon<\/b><\/h1>\n<p>&#8221; content_last_edited=&#8221;on|phone&#8221; _builder_version=&#8221;4.22.2&#8243; _module_preset=&#8221;default&#8221; header_font=&#8221;Alegreya Sans|800|||||||&#8221; header_text_color=&#8221;#765d4a&#8221; header_font_size=&#8221;49px&#8221; custom_margin=&#8221;49px|||||&#8221; custom_margin_tablet=&#8221;49px|||||&#8221; custom_margin_phone=&#8221;20px||||false|false&#8221; custom_margin_last_edited=&#8221;on|phone&#8221; header_font_size_tablet=&#8221;49px&#8221; header_font_size_phone=&#8221;36px&#8221; header_font_size_last_edited=&#8221;on|phone&#8221; global_colors_info=&#8221;{}&#8221;]<\/p>\n<h1><b>Dra. Renata <br \/>Dario Simon<\/b><\/h1>\n<p>[\/et_pb_text][et_pb_text content_tablet=&#8221;<\/p>\n<p><b>Dermatologista focada em resultados sutis e sem exagero<\/b><\/p>\n<p><span style=%22font-weight: 400;%22> Sou a <\/span><b>Dra. Renata Dario Simon<\/b><span style=%22font-weight: 400;%22>, m\u00e9dica dermatologista com mais de <\/span><b>10 anos de atua\u00e7\u00e3o<\/b><span style=%22font-weight: 400;%22> dedicada \u00e0 <\/span><b>sa\u00fade, beleza e rejuvenescimento da pele<\/b><span style=%22font-weight: 400;%22>.<\/span><span style=%22font-weight: 400;%22><br \/><\/span><span style=%22font-weight: 400;%22> Formada em <\/span><b>Medicina pela UNESC<\/b><span style=%22font-weight: 400;%22>, com <\/span><b>Resid\u00eancia em Cl\u00ednica M\u00e9dica<\/b><span style=%22font-weight: 400;%22> no Hospital S\u00e3o Jos\u00e9 de Crici\u00fama e <\/span><b>Especializa\u00e7\u00e3o em Dermatologia pela UFCSPA \/ Santa Casa de Porto Alegre<\/b><span style=%22font-weight: 400;%22>, sou membro da <\/span><b>Sociedade Brasileira de Dermatologia (SBD)<\/b><span style=%22font-weight: 400;%22>.<\/span><\/p>\n<p><span style=%22font-weight: 400;%22>Atuo desde 2016 em <\/span><b>Crici\u00fama (SC)<\/b><span style=%22font-weight: 400;%22>, sempre com a miss\u00e3o de proporcionar <\/span><b>resultados naturais e seguros<\/b><span style=%22font-weight: 400;%22>, respeitando a individualidade e a hist\u00f3ria de cada paciente.<\/span><\/p>\n<p><i><span style=%22font-weight: 400;%22>Qualidade da pele e beleza sem perder a naturalidade.<\/span><\/i><\/p>\n<p><b><\/b><\/p>\n<p><b><\/b><\/p>\n<p>&#8221; content_phone=&#8221;<\/p>\n<p style=%22text-align: center;%22><b>Dermatologista focada em resultados sutis e sem exagero<\/b><\/p>\n<p style=%22text-align: center;%22><span style=%22font-weight: 400;%22> Sou a <\/span><b>Dra. Renata Dario Simon<\/b><span style=%22font-weight: 400;%22>, m\u00e9dica dermatologista com mais de <\/span><b>10 anos de atua\u00e7\u00e3o<\/b><span style=%22font-weight: 400;%22> dedicada \u00e0 <\/span><b>sa\u00fade, beleza e rejuvenescimento da pele<\/b><span style=%22font-weight: 400;%22>.<\/span><span style=%22font-weight: 400;%22><br \/><\/span><span style=%22font-weight: 400;%22> Formada em <\/span><b>Medicina pela UNESC<\/b><span style=%22font-weight: 400;%22>, com <\/span><b>Resid\u00eancia em Cl\u00ednica M\u00e9dica<\/b><span style=%22font-weight: 400;%22> no Hospital S\u00e3o Jos\u00e9 de Crici\u00fama e <\/span><b>Especializa\u00e7\u00e3o em Dermatologia pela UFCSPA \/ Santa Casa de Porto Alegre<\/b><span style=%22font-weight: 400;%22>, sou membro da <\/span><b>Sociedade Brasileira de Dermatologia (SBD)<\/b><span style=%22font-weight: 400;%22>.<\/span><\/p>\n<p style=%22text-align: center;%22><span style=%22font-weight: 400;%22>Atuo desde 2016 em <\/span><b>Crici\u00fama (SC)<\/b><span style=%22font-weight: 400;%22>, sempre com a miss\u00e3o de proporcionar <\/span><b>resultados naturais e seguros<\/b><span style=%22font-weight: 400;%22>, respeitando a individualidade e a hist\u00f3ria de cada paciente.<\/span><\/p>\n<p style=%22text-align: center;%22><i><span style=%22font-weight: 400;%22>Qualidade da pele e beleza sem perder a naturalidade.<\/span><\/i><\/p>\n<p style=%22text-align: center;%22><b><\/b><\/p>\n<p style=%22text-align: center;%22><b><\/b><\/p>\n<p>&#8221; content_last_edited=&#8221;on|phone&#8221; _builder_version=&#8221;4.22.2&#8243; _module_preset=&#8221;default&#8221; text_line_height=&#8221;2.1em&#8221; custom_margin=&#8221;||17px|||&#8221; global_colors_info=&#8221;{}&#8221;]<\/p>\n<p><b>Dermatologista focada em resultados sutis e sem exagero<\/b><\/p>\n<p><span style=\"font-weight: 400;\">\u00a0Sou a <\/span><b>Dra. Renata Dario Simon<\/b><span style=\"font-weight: 400;\">, m\u00e9dica dermatologista com mais de <\/span><b>10 anos de atua\u00e7\u00e3o<\/b><span style=\"font-weight: 400;\"> dedicada \u00e0 <\/span><b>sa\u00fade, beleza e rejuvenescimento da pele<\/b><span style=\"font-weight: 400;\">.<\/p>\n<p><\/span><span style=\"font-weight: 400;\"><\/span><span style=\"font-weight: 400;\"> Formada em <\/span><b>Medicina pela UNESC<\/b><span style=\"font-weight: 400;\">, com <\/span><b>Resid\u00eancia em Cl\u00ednica M\u00e9dica<\/b><span style=\"font-weight: 400;\"> no Hospital S\u00e3o Jos\u00e9 de Crici\u00fama e <\/span><b>Especializa\u00e7\u00e3o em Dermatologia pela UFCSPA \/ Santa Casa de Porto Alegre<\/b><span style=\"font-weight: 400;\">, sou membro da <\/span><b>Sociedade Brasileira de Dermatologia (SBD)<\/b><span style=\"font-weight: 400;\">.<\/span><\/p>\n<p><span style=\"font-weight: 400;\">Atuo desde 2016 em <\/span><b>Crici\u00fama (SC)<\/b><span style=\"font-weight: 400;\">, sempre com a miss\u00e3o de proporcionar <\/span><b>resultados naturais e seguros<\/b><span style=\"font-weight: 400;\">, respeitando a individualidade e a hist\u00f3ria de cada paciente.<\/span><\/p>\n<p><i><span style=\"font-weight: 400;\">Qualidade da pele e beleza sem perder a naturalidade.<\/span><\/i><\/p>\n<p><b><\/b><\/p>\n<p><b><\/b><\/p>\n<p>[\/et_pb_text][et_pb_social_media_follow _builder_version=&#8221;4.22.2&#8243; _module_preset=&#8221;default&#8221; global_colors_info=&#8221;{}&#8221;][et_pb_social_media_follow_network social_network=&#8221;instagram&#8221; url=&#8221;https:\/\/www.instagram.com\/renatadariosimon_dermato\/&#8221; use_icon_font_size=&#8221;on&#8221; icon_font_size=&#8221;24px&#8221; _builder_version=&#8221;4.22.2&#8243; _module_preset=&#8221;default&#8221; background_color=&#8221;#ea2c59&#8243; global_colors_info=&#8221;{}&#8221; follow_button=&#8221;off&#8221; url_new_window=&#8221;on&#8221;]instagram[\/et_pb_social_media_follow_network][\/et_pb_social_media_follow][\/et_pb_column][\/et_pb_row][\/et_pb_section][et_pb_section fb_built=&#8221;1&#8243; disabled_on=&#8221;off|on|on&#8221; module_id=&#8221;sobre&#8221; _builder_version=&#8221;4.22.2&#8243; _module_preset=&#8221;default&#8221; global_colors_info=&#8221;{}&#8221;][et_pb_row column_structure=&#8221;1_2,1_2&#8243; _builder_version=&#8221;4.22.2&#8243; _module_preset=&#8221;default&#8221; global_colors_info=&#8221;{}&#8221;][et_pb_column type=&#8221;1_2&#8243; _builder_version=&#8221;4.22.2&#8243; _module_preset=&#8221;default&#8221; global_colors_info=&#8221;{}&#8221;][et_pb_text content_tablet=&#8221;<\/p>\n<h1><b>Dra. Renata <br \/>Dario Simon<\/b><\/h1>\n<p>&#8221; content_phone=&#8221;<\/p>\n<h1 style=%22text-align: center;%22><b><\/b><\/h1>\n<h1 style=%22text-align: center;%22><b>Dra. Renata Dario Simon<\/b><\/h1>\n<p>&#8221; content_last_edited=&#8221;on|phone&#8221; _builder_version=&#8221;4.22.2&#8243; _module_preset=&#8221;default&#8221; header_font=&#8221;Alegreya Sans|800|||||||&#8221; header_text_color=&#8221;#765d4a&#8221; header_font_size=&#8221;49px&#8221; custom_margin=&#8221;49px|||||&#8221; custom_margin_tablet=&#8221;49px|||||&#8221; custom_margin_phone=&#8221;20px||||false|false&#8221; custom_margin_last_edited=&#8221;on|phone&#8221; header_font_size_tablet=&#8221;49px&#8221; header_font_size_phone=&#8221;36px&#8221; header_font_size_last_edited=&#8221;on|phone&#8221; global_colors_info=&#8221;{}&#8221;]<\/p>\n<h1><b>Dra. Renata <br \/>Dario Simon<\/b><\/h1>\n<p>[\/et_pb_text][et_pb_text content_tablet=&#8221;<\/p>\n<p><b>Dermatologista focada em resultados sutis e sem exagero<\/b><\/p>\n<p><span style=%22font-weight: 400;%22> Sou a <\/span><b>Dra. Renata Dario Simon<\/b><span style=%22font-weight: 400;%22>, m\u00e9dica dermatologista com mais de <\/span><b>10 anos de atua\u00e7\u00e3o<\/b><span style=%22font-weight: 400;%22> dedicada \u00e0 <\/span><b>sa\u00fade, beleza e rejuvenescimento da pele<\/b><span style=%22font-weight: 400;%22>.<\/span><span style=%22font-weight: 400;%22><br \/><\/span><span style=%22font-weight: 400;%22> Formada em <\/span><b>Medicina pela UNESC<\/b><span style=%22font-weight: 400;%22>, com <\/span><b>Resid\u00eancia em Cl\u00ednica M\u00e9dica<\/b><span style=%22font-weight: 400;%22> no Hospital S\u00e3o Jos\u00e9 de Crici\u00fama e <\/span><b>Especializa\u00e7\u00e3o em Dermatologia pela UFCSPA \/ Santa Casa de Porto Alegre<\/b><span style=%22font-weight: 400;%22>, sou membro da <\/span><b>Sociedade Brasileira de Dermatologia (SBD)<\/b><span style=%22font-weight: 400;%22>.<\/span><\/p>\n<p><span style=%22font-weight: 400;%22>Atuo desde 2016 em <\/span><b>Crici\u00fama (SC)<\/b><span style=%22font-weight: 400;%22>, sempre com a miss\u00e3o de proporcionar <\/span><b>resultados naturais e seguros<\/b><span style=%22font-weight: 400;%22>, respeitando a individualidade e a hist\u00f3ria de cada paciente.<\/span><\/p>\n<p><i><span style=%22font-weight: 400;%22>Qualidade da pele e beleza sem perder a naturalidade.<\/span><\/i><\/p>\n<p><b><\/b><\/p>\n<p><b><\/b><\/p>\n<p>&#8221; content_phone=&#8221;<\/p>\n<p style=%22text-align: center;%22><b>Dermatologista focada em resultados sutis e sem exagero<\/b><\/p>\n<p style=%22text-align: center;%22><span style=%22font-weight: 400;%22> Sou a <\/span><b>Dra. Renata Dario Simon<\/b><span style=%22font-weight: 400;%22>, m\u00e9dica dermatologista com mais de <\/span><b>10 anos de atua\u00e7\u00e3o<\/b><span style=%22font-weight: 400;%22> dedicada \u00e0 <\/span><b>sa\u00fade, beleza e rejuvenescimento da pele<\/b><span style=%22font-weight: 400;%22>.<\/span><span style=%22font-weight: 400;%22><br \/><\/span><span style=%22font-weight: 400;%22> Formada em <\/span><b>Medicina pela UNESC<\/b><span style=%22font-weight: 400;%22>, com <\/span><b>Resid\u00eancia em Cl\u00ednica M\u00e9dica<\/b><span style=%22font-weight: 400;%22> no Hospital S\u00e3o Jos\u00e9 de Crici\u00fama e <\/span><b>Especializa\u00e7\u00e3o em Dermatologia pela UFCSPA \/ Santa Casa de Porto Alegre<\/b><span style=%22font-weight: 400;%22>, sou membro da <\/span><b>Sociedade Brasileira de Dermatologia (SBD)<\/b><span style=%22font-weight: 400;%22>.<\/span><\/p>\n<p style=%22text-align: center;%22><span style=%22font-weight: 400;%22>Atuo desde 2016 em <\/span><b>Crici\u00fama (SC)<\/b><span style=%22font-weight: 400;%22>, sempre com a miss\u00e3o de proporcionar <\/span><b>resultados naturais e seguros<\/b><span style=%22font-weight: 400;%22>, respeitando a individualidade e a hist\u00f3ria de cada paciente.<\/span><\/p>\n<p style=%22text-align: center;%22><i><span style=%22font-weight: 400;%22>Qualidade da pele e beleza sem perder a naturalidade.<\/span><\/i><\/p>\n<p style=%22text-align: center;%22><b><\/b><\/p>\n<p style=%22text-align: center;%22><b><\/b><\/p>\n<p>&#8221; content_last_edited=&#8221;on|phone&#8221; _builder_version=&#8221;4.22.2&#8243; _module_preset=&#8221;default&#8221; text_line_height=&#8221;2.1em&#8221; global_colors_info=&#8221;{}&#8221;]<\/p>\n<p><b>Dermatologista focada em resultados sutis e sem exagero<\/b><\/p>\n<p><span style=\"font-weight: 400;\">\u00a0Sou a <\/span><b>Dra. Renata Dario Simon<\/b><span style=\"font-weight: 400;\">, m\u00e9dica dermatologista com mais de <\/span><b>10 anos de atua\u00e7\u00e3o<\/b><span style=\"font-weight: 400;\"> dedicada \u00e0 <\/span><b>sa\u00fade, beleza e rejuvenescimento da pele<\/b><span style=\"font-weight: 400;\">.<\/span><span style=\"font-weight: 400;\"><br \/><\/span><span style=\"font-weight: 400;\"> Formada em <\/span><b>Medicina pela UNESC<\/b><span style=\"font-weight: 400;\">, com <\/span><b>Resid\u00eancia em Cl\u00ednica M\u00e9dica<\/b><span style=\"font-weight: 400;\"> no Hospital S\u00e3o Jos\u00e9 de Crici\u00fama e <\/span><b>Especializa\u00e7\u00e3o em Dermatologia pela UFCSPA \/ Santa Casa de Porto Alegre<\/b><span style=\"font-weight: 400;\">, sou membro da <\/span><b>Sociedade Brasileira de Dermatologia (SBD)<\/b><span style=\"font-weight: 400;\">.<\/span><\/p>\n<p><span style=\"font-weight: 400;\">Atuo desde 2016 em <\/span><b>Crici\u00fama (SC)<\/b><span style=\"font-weight: 400;\">, sempre com a miss\u00e3o de proporcionar <\/span><b>resultados naturais e seguros<\/b><span style=\"font-weight: 400;\">, respeitando a individualidade e a hist\u00f3ria de cada paciente.<\/span><\/p>\n<p><i><span style=\"font-weight: 400;\">Qualidade da pele e beleza sem perder a naturalidade.<\/span><\/i><\/p>\n<p><b><\/b><\/p>\n<p><b><\/b><\/p>\n<p>[\/et_pb_text][et_pb_social_media_follow _builder_version=&#8221;4.22.2&#8243; _module_preset=&#8221;default&#8221; text_orientation=&#8221;center&#8221; global_colors_info=&#8221;{}&#8221;][et_pb_social_media_follow_network social_network=&#8221;instagram&#8221; url=&#8221;https:\/\/www.instagram.com\/renatadariosimon_dermato\/&#8221; use_icon_font_size=&#8221;on&#8221; icon_font_size=&#8221;24px&#8221; _builder_version=&#8221;4.22.2&#8243; _module_preset=&#8221;default&#8221; background_color=&#8221;#ea2c59&#8243; global_colors_info=&#8221;{}&#8221; follow_button=&#8221;off&#8221; url_new_window=&#8221;on&#8221;]instagram[\/et_pb_social_media_follow_network][\/et_pb_social_media_follow][\/et_pb_column][et_pb_column type=&#8221;1_2&#8243; _builder_version=&#8221;4.22.2&#8243; _module_preset=&#8221;default&#8221; global_colors_info=&#8221;{}&#8221;][et_pb_image src=&#8221;https:\/\/renatadermato.com.br\/wp-content\/uploads\/2025\/11\/LGF_2093.jpg&#8221; title_text=&#8221;Dra Renata Dermato&#8221; _builder_version=&#8221;4.22.2&#8243; _module_preset=&#8221;default&#8221; border_width_right=&#8221;2px&#8221; border_color_right=&#8221;#FFFFFF&#8221; border_width_bottom=&#8221;3px&#8221; border_color_bottom=&#8221;#FFFFFF&#8221; box_shadow_style=&#8221;preset4&#8243; box_shadow_horizontal=&#8221;23px&#8221; box_shadow_vertical=&#8221;26px&#8221; box_shadow_color=&#8221;#fff9ee&#8221; global_colors_info=&#8221;{}&#8221;][\/et_pb_image][\/et_pb_column][\/et_pb_row][\/et_pb_section][et_pb_section fb_built=&#8221;1&#8243; module_id=&#8221;filosofia&#8221; _builder_version=&#8221;4.22.2&#8243; _module_preset=&#8221;default&#8221; background_image=&#8221;https:\/\/renatadermato.com.br\/wp-content\/uploads\/2025\/11\/BG-Renata-Dermato.jpg&#8221; parallax=&#8221;on&#8221; parallax_method=&#8221;off&#8221; global_colors_info=&#8221;{}&#8221;][et_pb_row _builder_version=&#8221;4.22.2&#8243; _module_preset=&#8221;default&#8221; custom_padding=&#8221;25px|||||&#8221; global_colors_info=&#8221;{}&#8221;][et_pb_column type=&#8221;4_4&#8243; _builder_version=&#8221;4.22.2&#8243; _module_preset=&#8221;default&#8221; global_colors_info=&#8221;{}&#8221;][et_pb_text content_tablet=&#8221;<\/p>\n<h1 style=%22text-align: center;%22><b>Filosofia Quiet Beauty<\/b><\/h1>\n<p>&#8221; content_phone=&#8221;<\/p>\n<h1 style=%22text-align: center;%22><b><\/b><\/h1>\n<h1 style=%22text-align: center;%22><b>Dra. Renata Dario Simon<\/b><\/h1>\n<p>&#8221; content_last_edited=&#8221;on|phone&#8221; _builder_version=&#8221;4.22.2&#8243; _module_preset=&#8221;default&#8221; header_font=&#8221;Dancing Script|800|||||||&#8221; header_text_color=&#8221;#765d4a&#8221; header_font_size=&#8221;49px&#8221; custom_margin=&#8221;2px|||||&#8221; custom_margin_tablet=&#8221;2px|||||&#8221; custom_margin_phone=&#8221;20px||||false|false&#8221; custom_margin_last_edited=&#8221;on|phone&#8221; header_font_size_tablet=&#8221;49px&#8221; header_font_size_phone=&#8221;36px&#8221; header_font_size_last_edited=&#8221;on|phone&#8221; global_colors_info=&#8221;{}&#8221;]<\/p>\n<h1 style=\"text-align: center;\"><b>Filosofia Quiet Beauty<\/b><\/h1>\n<p>[\/et_pb_text][\/et_pb_column][\/et_pb_row][et_pb_row column_structure=&#8221;1_2,1_2&#8243; _builder_version=&#8221;4.22.2&#8243; _module_preset=&#8221;default&#8221; custom_padding=&#8221;25px|||||&#8221; global_colors_info=&#8221;{}&#8221;][et_pb_column type=&#8221;1_2&#8243; _builder_version=&#8221;4.22.2&#8243; _module_preset=&#8221;default&#8221; global_colors_info=&#8221;{}&#8221;][et_pb_text content_tablet=&#8221;<\/p>\n<p><span style=%22font-weight: 400;%22>Na dermatologia est\u00e9tica, <\/span><b>menos \u00e9 mais<\/b><span style=%22font-weight: 400;%22>.<\/span><span style=%22font-weight: 400;%22><br \/><\/span><span style=%22font-weight: 400;%22> Acredito que o verdadeiro rejuvenescimento vem do equil\u00edbrio entre <\/span><b>t\u00e9cnica, sutileza e prop\u00f3sito<\/b><span style=%22font-weight: 400;%22>.<\/span><span style=%22font-weight: 400;%22><br \/><\/span><span style=%22font-weight: 400;%22> Cada tratamento \u00e9 planejado para <\/span><b>preservar a identidade facial<\/b><span style=%22font-weight: 400;%22>, <\/span><b>estimular a autoconfian\u00e7a<\/b><span style=%22font-weight: 400;%22> e <\/span><b>valorizar a beleza real<\/b><\/p>\n<p>&#8221; content_phone=&#8221;<\/p>\n<p style=%22text-align: center;%22><span>Na dermatologia est\u00e9tica, <\/span><b>menos \u00e9 mais<\/b><span>.<\/span><span><br \/><\/span><span>Acredito que o verdadeiro rejuvenescimento vem do equil\u00edbrio entre <\/span><b>t\u00e9cnica, sutileza e prop\u00f3sito<\/b><span>.<\/span><span><br \/><\/span><span>Cada tratamento \u00e9 planejado para <\/span><b>preservar a identidade facial<\/b><span>, <\/span><b>estimular a autoconfian\u00e7a<\/b><span> e <\/span><b>valorizar a beleza real<\/b><\/p>\n<p style=%22text-align: center;%22><b><\/b><\/p>\n<p style=%22text-align: center;%22><b><\/b><\/p>\n<p>&#8221; content_last_edited=&#8221;on|phone&#8221; _builder_version=&#8221;4.22.2&#8243; _module_preset=&#8221;default&#8221; text_text_color=&#8221;#765d4a&#8221; text_font_size=&#8221;16px&#8221; text_line_height=&#8221;2.1em&#8221; global_colors_info=&#8221;{}&#8221;]<\/p>\n<p><span style=\"font-weight: 400;\">Na dermatologia est\u00e9tica, <\/span><b>menos \u00e9 mais<\/b><span style=\"font-weight: 400;\">.<\/span><span style=\"font-weight: 400;\"><br \/><\/span><span style=\"font-weight: 400;\"> Acredito que o verdadeiro rejuvenescimento vem do equil\u00edbrio entre <\/span><b>t\u00e9cnica, sutileza e prop\u00f3sito<\/b><span style=\"font-weight: 400;\">.<\/span><span style=\"font-weight: 400;\"><br \/><\/span><span style=\"font-weight: 400;\"> Cada tratamento \u00e9 planejado para <\/span><b>preservar a identidade facial<\/b><span style=\"font-weight: 400;\">, <\/span><b>estimular a autoconfian\u00e7a<\/b><span style=\"font-weight: 400;\"> e <\/span><b>valorizar a beleza real<\/b><\/p>\n<p>[\/et_pb_text][\/et_pb_column][et_pb_column type=&#8221;1_2&#8243; _builder_version=&#8221;4.22.2&#8243; _module_preset=&#8221;default&#8221; global_colors_info=&#8221;{}&#8221;][et_pb_text content_tablet=&#8221;<\/p>\n<p><b>Pilares com \u00edcones ou bullets:<\/b><\/p>\n<ul>\n<li style=%22font-weight: 400;%22 aria-level=%221%22><span style=%22font-weight: 400;%22> Resultados naturais e harm\u00f4nicos<\/span><span style=%22font-weight: 400;%22><br \/><\/span><\/li>\n<li style=%22font-weight: 400;%22 aria-level=%221%22><span style=%22font-weight: 400;%22>Atendimento acolhedor e personalizado<\/span><span style=%22font-weight: 400;%22><br \/><\/span><\/li>\n<li style=%22font-weight: 400;%22 aria-level=%221%22><span style=%22font-weight: 400;%22>Seguran\u00e7a e embasamento cient\u00edfico<\/span><span style=%22font-weight: 400;%22><br \/><\/span><\/li>\n<li style=%22font-weight: 400;%22 aria-level=%221%22><span style=%22font-weight: 400;%22>Beleza com prop\u00f3sito: sentir-se bem em sua pr\u00f3pria pele<\/span><\/li>\n<\/ul>\n<p><b><\/b><\/p>\n<p><b><\/b><\/p>\n<p>&#8221; content_phone=&#8221;<\/p>\n<p style=%22text-align: left;%22><b> Pilares com \u00edcones ou bullets:<\/b><\/p>\n<ul style=%22text-align: left;%22>\n<li aria-level=%221%22 style=%22text-align: center;%22><span> Resultados naturais e harm\u00f4nicos<\/span><span><br \/><\/span><\/li>\n<li aria-level=%221%22 style=%22text-align: center;%22><span>Atendimento acolhedor e personalizado<\/span><span><br \/><\/span><\/li>\n<li aria-level=%221%22 style=%22text-align: center;%22><span>Seguran\u00e7a e embasamento cient\u00edfico<\/span><span><br \/><\/span><\/li>\n<li aria-level=%221%22 style=%22text-align: center;%22><span>Beleza com prop\u00f3sito: sentir-se bem em sua pr\u00f3pria pele<\/span><\/li>\n<\/ul>\n<p style=%22text-align: center;%22><b><\/b><\/p>\n<p style=%22text-align: center;%22><b><\/b><\/p>\n<p>&#8221; content_last_edited=&#8221;on|phone&#8221; _builder_version=&#8221;4.22.2&#8243; _module_preset=&#8221;default&#8221; text_text_color=&#8221;#765d4a&#8221; text_font_size=&#8221;16px&#8221; text_line_height=&#8221;1.6em&#8221; hover_enabled=&#8221;0&#8243; global_colors_info=&#8221;{}&#8221; sticky_enabled=&#8221;0&#8243;]<\/p>\n<ul>\n<li style=\"font-weight: 400;\" aria-level=\"1\"><span style=\"font-weight: 400;\">Resultados naturais e harm\u00f4nicos<\/span><span style=\"font-weight: 400;\"><br \/><\/span><\/li>\n<li style=\"font-weight: 400;\" aria-level=\"1\"><span style=\"font-weight: 400;\">Atendimento acolhedor e personalizado<\/span><span style=\"font-weight: 400;\"><br \/><\/span><\/li>\n<li style=\"font-weight: 400;\" aria-level=\"1\"><span style=\"font-weight: 400;\">Seguran\u00e7a e embasamento cient\u00edfico<\/span><span style=\"font-weight: 400;\"><br \/><\/span><\/li>\n<li style=\"font-weight: 400;\" aria-level=\"1\"><span style=\"font-weight: 400;\">Beleza com prop\u00f3sito: sentir-se bem em sua pr\u00f3pria pele<\/span><\/li>\n<\/ul>\n<p><b><\/b><\/p>\n<p><b><\/b><\/p>\n<p>[\/et_pb_text][\/et_pb_column][\/et_pb_row][et_pb_row _builder_version=&#8221;4.22.2&#8243; _module_preset=&#8221;default&#8221; custom_margin=&#8221;-17px|auto||auto||&#8221; global_colors_info=&#8221;{}&#8221;][et_pb_column type=&#8221;4_4&#8243; _builder_version=&#8221;4.22.2&#8243; _module_preset=&#8221;default&#8221; global_colors_info=&#8221;{}&#8221;][et_pb_button button_url=&#8221;https:\/\/wa.me\/5548991896411?text=Cheguei%20aqui%20atrav%C3%A9s%20do%20site%2C%20gostaria%20de%20mais%20informa%C3%A7%C3%B5es!&#8221; url_new_window=&#8221;on&#8221; button_text=&#8221;Agendar avalia\u00e7\u00e3o pelo WhatsApp&#8221; button_alignment=&#8221;center&#8221; button_alignment_tablet=&#8221;center&#8221; button_alignment_phone=&#8221;center&#8221; button_alignment_last_edited=&#8221;on|phone&#8221; _builder_version=&#8221;4.22.2&#8243; _module_preset=&#8221;default&#8221; custom_button=&#8221;on&#8221; button_text_color=&#8221;#765d4a&#8221; button_border_width=&#8221;1px&#8221; button_border_radius=&#8221;100px&#8221; button_font=&#8221;Abel||||||||&#8221; button_icon=&#8221;&#xf232;||fa||400&#8243; button_icon_placement=&#8221;left&#8221; button_on_hover=&#8221;off&#8221; custom_margin=&#8221;8px|||||&#8221; hover_enabled=&#8221;0&#8243; global_colors_info=&#8221;{}&#8221; sticky_enabled=&#8221;0&#8243;][\/et_pb_button][\/et_pb_column][\/et_pb_row][\/et_pb_section][et_pb_section fb_built=&#8221;1&#8243; module_id=&#8221;procedimentos&#8221; _builder_version=&#8221;4.22.2&#8243; _module_preset=&#8221;default&#8221; background_enable_image=&#8221;off&#8221; parallax=&#8221;on&#8221; parallax_method=&#8221;off&#8221; global_colors_info=&#8221;{}&#8221;][et_pb_row _builder_version=&#8221;4.22.2&#8243; _module_preset=&#8221;default&#8221; custom_padding=&#8221;25px|||||&#8221; global_colors_info=&#8221;{}&#8221;][et_pb_column type=&#8221;4_4&#8243; _builder_version=&#8221;4.22.2&#8243; _module_preset=&#8221;default&#8221; global_colors_info=&#8221;{}&#8221;][et_pb_text content_tablet=&#8221;<\/p>\n<h1 style=%22text-align: center;%22><b>Tratamentos est\u00e9ticos para pele madura em Crici\u00fama<\/b><\/h1>\n<p>&#8221; content_phone=&#8221;<\/p>\n<h1 style=%22text-align: center;%22><b><\/b><\/h1>\n<h1 style=%22text-align: center;%22><b>Precedimentos Realizados<\/b><\/h1>\n<p>&#8221; content_last_edited=&#8221;on|phone&#8221; _builder_version=&#8221;4.22.2&#8243; _module_preset=&#8221;default&#8221; header_font=&#8221;Dancing Script|800|||||||&#8221; header_text_color=&#8221;#765d4a&#8221; header_font_size=&#8221;49px&#8221; custom_margin=&#8221;2px||3px|||&#8221; custom_margin_tablet=&#8221;2px||3px|||&#8221; custom_margin_phone=&#8221;20px||||false|false&#8221; custom_margin_last_edited=&#8221;on|phone&#8221; header_font_size_tablet=&#8221;49px&#8221; header_font_size_phone=&#8221;36px&#8221; header_font_size_last_edited=&#8221;on|phone&#8221; global_colors_info=&#8221;{}&#8221;]<\/p>\n<h1 style=\"text-align: center;\"><b>Tratamentos est\u00e9ticos para pele madura em Crici\u00fama<\/b><\/h1>\n<p>[\/et_pb_text][et_pb_text content_tablet=&#8221;<\/p>\n<p style=%22text-align: center;%22><span style=%22font-weight: 400;%22>Na <\/span><b>Cl\u00ednica Elleva<\/b><span style=%22font-weight: 400;%22>, utilizo protocolos personalizados e tecnologias de \u00faltima gera\u00e7\u00e3o para tratar flacidez, rugas, manchas e textura da pele.<\/span><span style=%22font-weight: 400;%22><br \/><\/span><span style=%22font-weight: 400;%22> Cada procedimento \u00e9 realizado com foco em <\/span><b>naturalidade, seguran\u00e7a e resultados duradouros<\/b><span style=%22font-weight: 400;%22>.<\/span><\/p>\n<p>&#8221; content_phone=&#8221;<\/p>\n<p style=%22text-align: center;%22><span>Na <\/span><b>Cl\u00ednica Elleva<\/b><span>, utilizo protocolos personalizados e tecnologias de \u00faltima gera\u00e7\u00e3o para tratar flacidez, rugas, manchas e textura da pele.<\/span><span><br \/><\/span><span>Cada procedimento \u00e9 realizado com foco em <\/span><b>naturalidade, seguran\u00e7a e resultados duradouros<\/b><span>.<\/span><\/p>\n<p style=%22text-align: center;%22><b><\/b><\/p>\n<p style=%22text-align: center;%22><b><\/b><\/p>\n<p>&#8221; content_last_edited=&#8221;on|phone&#8221; _builder_version=&#8221;4.22.2&#8243; _module_preset=&#8221;default&#8221; text_text_color=&#8221;#765d4a&#8221; text_font_size=&#8221;16px&#8221; text_line_height=&#8221;2.1em&#8221; global_colors_info=&#8221;{}&#8221;]<\/p>\n<p style=\"text-align: center;\"><span style=\"font-weight: 400;\">Na <\/span><b>Cl\u00ednica Elleva<\/b><span style=\"font-weight: 400;\">, utilizo protocolos personalizados e tecnologias de \u00faltima gera\u00e7\u00e3o para tratar flacidez, rugas, manchas e textura da pele.<\/span><span style=\"font-weight: 400;\"><br \/><\/span><span style=\"font-weight: 400;\"> Cada procedimento \u00e9 realizado com foco em <\/span><b>naturalidade, seguran\u00e7a e resultados duradouros<\/b><span style=\"font-weight: 400;\">.<\/span><\/p>\n<p>[\/et_pb_text][\/et_pb_column][\/et_pb_row][et_pb_row column_structure=&#8221;1_2,1_2&#8243; _builder_version=&#8221;4.22.2&#8243; _module_preset=&#8221;default&#8221; custom_margin=&#8221;-10px|auto||auto||&#8221; custom_padding=&#8221;25px||0px|||&#8221; global_colors_info=&#8221;{}&#8221;][et_pb_column type=&#8221;1_2&#8243; _builder_version=&#8221;4.22.2&#8243; _module_preset=&#8221;default&#8221; global_colors_info=&#8221;{}&#8221;][et_pb_image src=&#8221;https:\/\/renatadermato.com.br\/wp-content\/uploads\/2025\/11\/Preenchimento-Labial.png&#8221; title_text=&#8221;Preenchimento Labial&#8221; align=&#8221;center&#8221; _builder_version=&#8221;4.22.2&#8243; _module_preset=&#8221;default&#8221; width=&#8221;28%&#8221; width_tablet=&#8221;28%&#8221; width_phone=&#8221;70%&#8221; width_last_edited=&#8221;on|phone&#8221; global_colors_info=&#8221;{}&#8221;][\/et_pb_image][et_pb_text content_tablet=&#8221;<\/p>\n<p style=%22text-align: center;%22><strong>Preenchimentos com \u00e1cido hialur\u00f4nico<\/strong><\/p>\n<p style=%22text-align: center;%22>Sustenta\u00e7\u00e3o da face, preenchimento de olheiras, l\u00e1bios, queixo, contorno mandibular, rinomodela\u00e7\u00e3o.<\/p>\n<p style=%22text-align: center;%22><b><\/b><\/p>\n<p style=%22text-align: center;%22><b><\/b><\/p>\n<p>&#8221; content_phone=&#8221;<\/p>\n<p style=%22text-align: center;%22><strong>Preenchimentos com \u00e1cido hialur\u00f4nico<\/strong><\/p>\n<p style=%22text-align: center;%22>Sustenta\u00e7\u00e3o da face, preenchimento de olheiras, l\u00e1bios, queixo, contorno mandibular, rinomodela\u00e7\u00e3o.<\/p>\n<p style=%22text-align: center;%22><b><\/b><\/p>\n<p style=%22text-align: center;%22><b><\/b><\/p>\n<p>&#8221; content_last_edited=&#8221;on|desktop&#8221; _builder_version=&#8221;4.22.2&#8243; _module_preset=&#8221;default&#8221; text_text_color=&#8221;#765d4a&#8221; text_font_size=&#8221;16px&#8221; text_line_height=&#8221;1.6em&#8221; custom_margin=&#8221;-34px|||||&#8221; global_colors_info=&#8221;{}&#8221;]<\/p>\n<p style=\"text-align: center;\"><strong>Preenchimentos com \u00e1cido hialur\u00f4nico<\/strong><\/p>\n<p style=\"text-align: center;\">Sustenta\u00e7\u00e3o da face, preenchimento de olheiras, l\u00e1bios, queixo, contorno mandibular, rinomodela\u00e7\u00e3o.<\/p>\n<p style=\"text-align: center;\"><b><\/b><\/p>\n<p style=\"text-align: center;\"><b><\/b><\/p>\n<p>[\/et_pb_text][\/et_pb_column][et_pb_column type=&#8221;1_2&#8243; _builder_version=&#8221;4.22.2&#8243; _module_preset=&#8221;default&#8221; global_colors_info=&#8221;{}&#8221;][et_pb_image src=&#8221;https:\/\/renatadermato.com.br\/wp-content\/uploads\/2025\/11\/Icononc.png&#8221; title_text=&#8221;Icononc&#8221; align=&#8221;center&#8221; _builder_version=&#8221;4.22.2&#8243; _module_preset=&#8221;default&#8221; width=&#8221;28%&#8221; width_tablet=&#8221;28%&#8221; width_phone=&#8221;70%&#8221; width_last_edited=&#8221;on|phone&#8221; global_colors_info=&#8221;{}&#8221;][\/et_pb_image][et_pb_text content_tablet=&#8221;<\/p>\n<p style=%22text-align: center;%22><b>Bioestimuladores de Col\u00e1geno<\/b><\/p>\n<p style=%22text-align: center;%22><span style=%22font-weight: 400;%22>(Radiesse\u00ae, Sculptra\u00ae e Profhilo\u00ae HarmyCa\u00ae) \u2014 promovem rejuvenescimento global da pele e recuperam a densidade cut\u00e2nea.<\/span><\/p>\n<p style=%22text-align: center;%22><b><\/b><\/p>\n<p style=%22text-align: center;%22><b><\/b><\/p>\n<p>&#8221; content_phone=&#8221;<\/p>\n<p style=%22text-align: center;%22><b>Bioestimuladores de Col\u00e1geno<\/b><\/p>\n<p style=%22text-align: center;%22>Produtos injet\u00e1veis para melhorar firmeza da pele e sustenta\u00e7\u00e3o da face (Sculptra\u00ae\ufe0f, Profhilo\u00ae\ufe0f, HarmonyCa\u00ae\ufe0f, Stiim\u00ae\ufe0f, Radiesse\u00ae\ufe0f)<\/p>\n<p style=%22text-align: center;%22><b><\/b><\/p>\n<p style=%22text-align: center;%22><b><\/b><\/p>\n<p>&#8221; content_last_edited=&#8221;on|phone&#8221; _builder_version=&#8221;4.22.2&#8243; _module_preset=&#8221;default&#8221; text_text_color=&#8221;#765d4a&#8221; text_font_size=&#8221;16px&#8221; text_line_height=&#8221;1.6em&#8221; custom_margin=&#8221;-26px|||||&#8221; custom_padding=&#8221;0px|||||&#8221; global_colors_info=&#8221;{}&#8221;]<\/p>\n<p style=\"text-align: center;\"><b>Bioestimuladores de Col\u00e1geno<\/b><\/p>\n<p style=\"text-align: center;\"><span style=\"font-weight: 400;\">(Radiesse\u00ae, Sculptra\u00ae e Profhilo\u00ae HarmonyCa\u00ae) \u2014 promovem rejuvenescimento global da pele e recuperam a densidade cut\u00e2nea.<\/span><\/p>\n<p style=\"text-align: center;\"><b><\/b><\/p>\n<p style=\"text-align: center;\"><b><\/b><\/p>\n<p>[\/et_pb_text][\/et_pb_column][\/et_pb_row][et_pb_row column_structure=&#8221;1_2,1_2&#8243; _builder_version=&#8221;4.22.2&#8243; _module_preset=&#8221;default&#8221; custom_margin=&#8221;-10px|auto||auto||&#8221; custom_padding=&#8221;0px||26px|||&#8221; global_colors_info=&#8221;{}&#8221;][et_pb_column type=&#8221;1_2&#8243; _builder_version=&#8221;4.22.2&#8243; _module_preset=&#8221;default&#8221; global_colors_info=&#8221;{}&#8221;][et_pb_image src=&#8221;https:\/\/renatadermato.com.br\/wp-content\/uploads\/2025\/11\/Liftin.png&#8221; title_text=&#8221;Liftin&#8221; align=&#8221;center&#8221; _builder_version=&#8221;4.22.2&#8243; _module_preset=&#8221;default&#8221; width=&#8221;28%&#8221; width_tablet=&#8221;28%&#8221; width_phone=&#8221;70%&#8221; width_last_edited=&#8221;on|phone&#8221; global_colors_info=&#8221;{}&#8221;][\/et_pb_image][et_pb_text content_tablet=&#8221;<\/p>\n<p style=%22text-align: center;%22><b>Fios APTOs de Sustenta\u00e7\u00e3o<\/b><\/p>\n<p style=%22text-align: center;%22><span style=%22font-weight: 400;%22>Tratamento minimamente invasivo que estimula col\u00e1geno e melhora a firmeza facial, com resultado progressivo e natural.<\/span><\/p>\n<p style=%22text-align: center;%22><b><\/b><\/p>\n<p style=%22text-align: center;%22><b><\/b><\/p>\n<p>&#8221; content_phone=&#8221;<\/p>\n<p style=%22text-align: center;%22><b>Fios APTOs<\/b><\/p>\n<p style=%22text-align: center;%22><span>Tratamento minimamente invasivo que estimula col\u00e1geno e melhora a firmeza facial, com resultado progressivo e natural.<\/span><\/p>\n<p style=%22text-align: center;%22><b><\/b><\/p>\n<p style=%22text-align: center;%22><b><\/b><\/p>\n<p>&#8221; content_last_edited=&#8221;on|desktop&#8221; _builder_version=&#8221;4.22.2&#8243; _module_preset=&#8221;default&#8221; text_text_color=&#8221;#765d4a&#8221; text_font_size=&#8221;16px&#8221; text_line_height=&#8221;1.6em&#8221; custom_margin=&#8221;-29px|||||&#8221; global_colors_info=&#8221;{}&#8221;]<\/p>\n<p style=\"text-align: center;\"><b>Fios APTOs\u00a0<\/b><\/p>\n<p style=\"text-align: center;\"><span style=\"font-weight: 400;\">Tratamento minimamente invasivo que estimula col\u00e1geno e melhora a firmeza facial, com resultado progressivo e natural.<\/span><\/p>\n<p style=\"text-align: center;\"><b><\/b><\/p>\n<p style=\"text-align: center;\"><b><\/b><\/p>\n<p>[\/et_pb_text][\/et_pb_column][et_pb_column type=&#8221;1_2&#8243; _builder_version=&#8221;4.22.2&#8243; _module_preset=&#8221;default&#8221; global_colors_info=&#8221;{}&#8221;][et_pb_image src=&#8221;https:\/\/renatadermato.com.br\/wp-content\/uploads\/2025\/11\/Botox.png&#8221; title_text=&#8221;Botox&#8221; align=&#8221;center&#8221; _builder_version=&#8221;4.22.2&#8243; _module_preset=&#8221;default&#8221; width=&#8221;28%&#8221; width_tablet=&#8221;28%&#8221; width_phone=&#8221;70%&#8221; width_last_edited=&#8221;on|phone&#8221; global_colors_info=&#8221;{}&#8221;][\/et_pb_image][et_pb_text content_tablet=&#8221;<\/p>\n<p style=%22text-align: center;%22><b>Toxina Botul\u00ednica <\/b><\/p>\n<div style=%22text-align: center;%22>Tratamento de rugas de express\u00e3o e embelezamento da face. Ideal para ruguinhas da testa, em torno dos olhos, pesco\u00e7o. <\/div>\n<div style=%22text-align: center;%22><span> Tamb\u00e9m realizamos tratamento do suor excessivo, de axilas, palmas e plantas<\/span><\/div>\n<p style=%22text-align: center;%22><b><\/b><\/p>\n<p style=%22text-align: center;%22><b><\/b><\/p>\n<p>&#8221; content_phone=&#8221;<\/p>\n<p style=%22text-align: center;%22><b>Toxina Botul\u00ednica<\/b><\/p>\n<div style=%22text-align: center;%22>Tratamento de rugas de express\u00e3o e embelezamento da face. Ideal para ruguinhas da testa, em torno dos olhos, pesco\u00e7o. <\/div>\n<div style=%22text-align: center;%22><span> Tamb\u00e9m realizamos tratamento do suor excessivo, de axilas, palmas e plantas<\/span><\/div>\n<p style=%22text-align: center;%22><b><\/b><\/p>\n<p style=%22text-align: center;%22><b><\/b><\/p>\n<p>&#8221; content_last_edited=&#8221;on|desktop&#8221; _builder_version=&#8221;4.22.2&#8243; _module_preset=&#8221;default&#8221; text_text_color=&#8221;#765d4a&#8221; text_font_size=&#8221;16px&#8221; text_line_height=&#8221;1.6em&#8221; custom_margin=&#8221;-32px|||||&#8221; global_colors_info=&#8221;{}&#8221;]<\/p>\n<p style=\"text-align: center;\"><b>Toxina Botul\u00ednica <\/b><\/p>\n<div style=\"text-align: center;\">Tratamento de rugas de express\u00e3o e embelezamento da face. Ideal para ruguinhas da testa, em torno dos olhos, pesco\u00e7o.\u00a0<\/div>\n<div style=\"text-align: center;\"><span> Tamb\u00e9m realizamos tratamento do suor excessivo, de axilas, palmas e plantas<\/span><\/div>\n<p style=\"text-align: center;\"><b><\/b><\/p>\n<p style=\"text-align: center;\"><b><\/b><\/p>\n<p>[\/et_pb_text][\/et_pb_column][\/et_pb_row][et_pb_row _builder_version=&#8221;4.22.2&#8243; _module_preset=&#8221;default&#8221; custom_margin=&#8221;-37px|auto||auto|false|false&#8221; custom_padding=&#8221;26px|||||&#8221; global_colors_info=&#8221;{}&#8221;][et_pb_column type=&#8221;4_4&#8243; _builder_version=&#8221;4.22.2&#8243; _module_preset=&#8221;default&#8221; global_colors_info=&#8221;{}&#8221;][et_pb_button button_url=&#8221;https:\/\/wa.me\/5548991896411?text=Cheguei%20aqui%20atrav%C3%A9s%20do%20site%2C%20gostaria%20de%20mais%20informa%C3%A7%C3%B5es!&#8221; url_new_window=&#8221;on&#8221; button_text=&#8221;Agendar avalia\u00e7\u00e3o pelo WhatsApp&#8221; button_alignment=&#8221;center&#8221; button_alignment_tablet=&#8221;center&#8221; button_alignment_phone=&#8221;center&#8221; button_alignment_last_edited=&#8221;on|phone&#8221; _builder_version=&#8221;4.22.2&#8243; _module_preset=&#8221;default&#8221; custom_button=&#8221;on&#8221; button_text_color=&#8221;#765d4a&#8221; button_border_width=&#8221;1px&#8221; button_border_radius=&#8221;100px&#8221; button_font=&#8221;Abel||||||||&#8221; button_icon=&#8221;&#xf232;||fa||400&#8243; button_icon_placement=&#8221;left&#8221; button_on_hover=&#8221;off&#8221; custom_margin=&#8221;8px|||||&#8221; hover_enabled=&#8221;0&#8243; global_colors_info=&#8221;{}&#8221; sticky_enabled=&#8221;0&#8243;][\/et_pb_button][\/et_pb_column][\/et_pb_row][\/et_pb_section][et_pb_section fb_built=&#8221;1&#8243; module_id=&#8221;tecnologia&#8221; _builder_version=&#8221;4.22.2&#8243; _module_preset=&#8221;default&#8221; background_image=&#8221;https:\/\/renatadermato.com.br\/wp-content\/uploads\/2025\/11\/BG-Renata-Dermato.jpg&#8221; parallax=&#8221;on&#8221; parallax_method=&#8221;off&#8221; global_colors_info=&#8221;{}&#8221;][et_pb_row _builder_version=&#8221;4.22.2&#8243; _module_preset=&#8221;default&#8221; custom_padding=&#8221;25px|||||&#8221; global_colors_info=&#8221;{}&#8221;][et_pb_column type=&#8221;4_4&#8243; _builder_version=&#8221;4.22.2&#8243; _module_preset=&#8221;default&#8221; global_colors_info=&#8221;{}&#8221;][et_pb_text content_tablet=&#8221;<\/p>\n<h1 style=%22text-align: center;%22><span style=%22font-weight: 400;%22> <\/span><b>Dermatologia avan\u00e7ada com tecnologias de ponta<\/b><\/h1>\n<p>&#8221; content_phone=&#8221;<\/p>\n<h1 style=%22text-align: center;%22><b><\/b><\/h1>\n<h1 style=%22text-align: center;%22><span> <\/span><b>Dermatologia avan\u00e7ada com tecnologias de ponta<\/b><\/h1>\n<p>&#8221; content_last_edited=&#8221;on|phone&#8221; _builder_version=&#8221;4.22.2&#8243; _module_preset=&#8221;default&#8221; header_font=&#8221;Dancing Script|800|||||||&#8221; header_text_color=&#8221;#765d4a&#8221; header_font_size=&#8221;49px&#8221; custom_margin=&#8221;2px|||||&#8221; custom_margin_tablet=&#8221;2px|||||&#8221; custom_margin_phone=&#8221;20px||||false|false&#8221; custom_margin_last_edited=&#8221;on|phone&#8221; header_font_size_tablet=&#8221;49px&#8221; header_font_size_phone=&#8221;36px&#8221; header_font_size_last_edited=&#8221;on|phone&#8221; global_colors_info=&#8221;{}&#8221;]<\/p>\n<h1 style=\"text-align: center;\"><span style=\"font-weight: 400;\">\u00a0<\/span><b>Dermatologia avan\u00e7ada com tecnologias de ponta<\/b><\/h1>\n<p>[\/et_pb_text][et_pb_text content_tablet=&#8221;<\/p>\n<p style=%22text-align: center;%22><span style=%22font-weight: 400;%22> A <\/span><b>Cl\u00ednica Elleva<\/b><span style=%22font-weight: 400;%22> \u00e9 refer\u00eancia em tecnologia dermatol\u00f3gica em Crici\u00fama.<\/span><span style=%22font-weight: 400;%22><br \/><\/span><span style=%22font-weight: 400;%22> Equipamentos como <\/span><b>Morpheus8, Ultraformer MPT e Vektra Laser<\/b><span style=%22font-weight: 400;%22> garantem procedimentos seguros,<br \/>eficientes e com recupera\u00e7\u00e3o r\u00e1pida.<\/span><span style=%22font-weight: 400;%22><br \/><\/span><span style=%22font-weight: 400;%22> Aqui, a ci\u00eancia atua a favor da naturalidade, revelando o melhor da sua pele com resultados sutis e reais.<\/span><\/p>\n<p>&#8221; content_phone=&#8221;<\/p>\n<p style=%22text-align: center;%22><span>A <\/span><b>Cl\u00ednica Elleva<\/b><span> \u00e9 refer\u00eancia em tecnologia dermatol\u00f3gica em Crici\u00fama.<\/span><span><br \/><\/span><span>Equipamentos como <\/span><b>Morpheus8, Ultraformer MPT e Vektra Laser<\/b><span> garantem procedimentos seguros,<br \/>eficientes e com recupera\u00e7\u00e3o r\u00e1pida.<\/span><span><br \/><\/span><span>Aqui, a ci\u00eancia atua a favor da naturalidade, revelando o melhor da sua pele com resultados sutis e reais.<\/span><\/p>\n<p style=%22text-align: center;%22><b><\/b><\/p>\n<p style=%22text-align: center;%22><b><\/b><\/p>\n<p>&#8221; content_last_edited=&#8221;on|phone&#8221; _builder_version=&#8221;4.22.2&#8243; _module_preset=&#8221;default&#8221; text_text_color=&#8221;#765d4a&#8221; text_font_size=&#8221;16px&#8221; text_line_height=&#8221;2.1em&#8221; custom_margin=&#8221;-20px||||false|false&#8221; global_colors_info=&#8221;{}&#8221;]<\/p>\n<p style=\"text-align: center;\"><span style=\"font-weight: 400;\">\u00a0A <\/span><b>Cl\u00ednica Elleva<\/b><span style=\"font-weight: 400;\"> \u00e9 refer\u00eancia em tecnologia dermatol\u00f3gica em Crici\u00fama.<\/span><span style=\"font-weight: 400;\"><br \/><\/span><span style=\"font-weight: 400;\"> Equipamentos como <\/span><b>Morpheus8, Ultraformer MPT e Vektra Laser<\/b><span style=\"font-weight: 400;\"> garantem procedimentos seguros,<br \/>eficientes e com recupera\u00e7\u00e3o r\u00e1pida.<\/span><span style=\"font-weight: 400;\"><br \/><\/span><span style=\"font-weight: 400;\"> Aqui, a ci\u00eancia atua a favor da naturalidade, revelando o melhor da sua pele com resultados sutis e reais.<\/span><\/p>\n<p>[\/et_pb_text][\/et_pb_column][\/et_pb_row][et_pb_row _builder_version=&#8221;4.22.2&#8243; _module_preset=&#8221;default&#8221; custom_margin=&#8221;-10px|auto||auto||&#8221; custom_padding=&#8221;0px||26px|||&#8221; global_colors_info=&#8221;{}&#8221;][et_pb_column type=&#8221;4_4&#8243; _builder_version=&#8221;4.22.2&#8243; _module_preset=&#8221;default&#8221; global_colors_info=&#8221;{}&#8221;][et_pb_text content_tablet=&#8221;<\/p>\n<h1 style=%22text-align: center;%22><b>Morpheus8<\/b><\/h1>\n<p>&#8221; content_phone=&#8221;<\/p>\n<h1 style=%22text-align: center;%22><b><\/b><\/h1>\n<h1 style=%22text-align: center;%22>Morpheus8<\/h1>\n<p>&#8221; content_last_edited=&#8221;on|phone&#8221; _builder_version=&#8221;4.22.2&#8243; _module_preset=&#8221;default&#8221; header_font=&#8221;Alegreya Sans|800|||||||&#8221; header_text_color=&#8221;#765d4a&#8221; header_font_size=&#8221;49px&#8221; custom_margin=&#8221;49px|||||&#8221; custom_margin_tablet=&#8221;49px|||||&#8221; custom_margin_phone=&#8221;20px||||false|false&#8221; custom_margin_last_edited=&#8221;on|phone&#8221; header_font_size_tablet=&#8221;49px&#8221; header_font_size_phone=&#8221;36px&#8221; header_font_size_last_edited=&#8221;on|phone&#8221; global_colors_info=&#8221;{}&#8221;]<\/p>\n<h1 style=\"text-align: center;\"><b>Morpheus8<\/b><\/h1>\n<p>[\/et_pb_text][et_pb_text content_tablet=&#8221;<\/p>\n<p style=%22text-align: center;%22><span style=%22font-weight: 400;%22>Tecnologia de radiofrequ\u00eancia fracionada com microagulhamento que atua em flacidez, poros e textura da pele. Estimula col\u00e1geno nas camadas profundas sem tempo de recupera\u00e7\u00e3o. Resultado: pele mais firme e uniforme de forma natural.<\/span><\/p>\n<p style=%22text-align: center;%22><b><\/b><\/p>\n<p style=%22text-align: center;%22><b><\/b><\/p>\n<p>&#8221; content_phone=&#8221;<\/p>\n<p style=%22text-align: center;%22><span>Tecnologia de radiofrequ\u00eancia fracionada com microagulhamento que atua em flacidez, poros e textura da pele. Estimula col\u00e1geno nas camadas profundas sem tempo de recupera\u00e7\u00e3o. Resultado: pele mais firme e uniforme de forma natural.<\/span><\/p>\n<p style=%22text-align: center;%22><b><\/b><\/p>\n<p style=%22text-align: center;%22><b><\/b><\/p>\n<p>&#8221; content_last_edited=&#8221;on|phone&#8221; _builder_version=&#8221;4.22.2&#8243; _module_preset=&#8221;default&#8221; text_text_color=&#8221;#765d4a&#8221; text_font_size=&#8221;16px&#8221; text_line_height=&#8221;1.6em&#8221; custom_margin=&#8221;0px||||false|false&#8221; custom_padding=&#8221;0px|||||&#8221; global_colors_info=&#8221;{}&#8221;]<\/p>\n<p style=\"text-align: center;\"><span style=\"font-weight: 400;\">Tecnologia de radiofrequ\u00eancia fracionada com microagulhamento que atua em flacidez, poros e textura da pele. <br \/>Estimula col\u00e1geno nas camadas profundas sem tempo de recupera\u00e7\u00e3o. <br \/>Resultado: pele mais firme e uniforme de forma natural.<\/span><\/p>\n<p style=\"text-align: center;\"><b><\/b><\/p>\n<p style=\"text-align: center;\"><b><\/b><\/p>\n<p>[\/et_pb_text][\/et_pb_column][\/et_pb_row][et_pb_row _builder_version=&#8221;4.22.2&#8243; _module_preset=&#8221;default&#8221; custom_margin=&#8221;-10px|auto||auto||&#8221; custom_padding=&#8221;0px||26px|||&#8221; global_colors_info=&#8221;{}&#8221;][et_pb_column type=&#8221;4_4&#8243; _builder_version=&#8221;4.22.2&#8243; _module_preset=&#8221;default&#8221; global_colors_info=&#8221;{}&#8221;][et_pb_text content_tablet=&#8221;<\/p>\n<h1 style=%22text-align: center;%22><\/h1>\n<h1 style=%22text-align: center;%22>Ultraformer MPT<\/h1>\n<p>&#8221; content_phone=&#8221;<\/p>\n<h1 style=%22text-align: center;%22><b><\/b><\/h1>\n<h1 style=%22text-align: center;%22>Ultraformer MPT<\/h1>\n<p>&#8221; content_last_edited=&#8221;on|desktop&#8221; _builder_version=&#8221;4.22.2&#8243; _module_preset=&#8221;default&#8221; header_font=&#8221;Alegreya Sans|800|||||||&#8221; header_text_color=&#8221;#765d4a&#8221; header_font_size=&#8221;49px&#8221; custom_margin=&#8221;49px|||||&#8221; custom_margin_tablet=&#8221;49px|||||&#8221; custom_margin_phone=&#8221;20px||||false|false&#8221; custom_margin_last_edited=&#8221;on|phone&#8221; header_font_size_tablet=&#8221;49px&#8221; header_font_size_phone=&#8221;36px&#8221; header_font_size_last_edited=&#8221;on|phone&#8221; global_colors_info=&#8221;{}&#8221;]<\/p>\n<h1 style=\"text-align: center;\"><\/h1>\n<h1 style=\"text-align: center;\">Ultraformer MPT<\/h1>\n<p>[\/et_pb_text][et_pb_text content_tablet=&#8221;<\/p>\n<p style=%22text-align: center;%22><span>Ultrassom microfocado. O lifting n\u00e3o cir\u00fargico mais desejado do momento. Reestrutura as camadas profundas melhora qualidade da pele e redesenha o contorno facial sem cirurgia.<\/span><\/p>\n<p style=%22text-align: center;%22><b><\/b><\/p>\n<p style=%22text-align: center;%22>\n<p style=%22text-align: center;%22><b><\/b><\/p>\n<p style=%22text-align: center;%22><b><\/b><\/p>\n<p>&#8221; content_phone=&#8221;<\/p>\n<p style=%22text-align: center;%22><span>Ultrassom microfocado. O lifting n\u00e3o cir\u00fargico mais desejado do momento. Reestrutura as camadas profundas melhora qualidade da pele e redesenha o contorno facial sem cirurgia.<\/span><\/p>\n<p style=%22text-align: center;%22><b><\/b><\/p>\n<p style=%22text-align: center;%22><b><\/b><\/p>\n<p>&#8221; content_last_edited=&#8221;on|desktop&#8221; _builder_version=&#8221;4.22.2&#8243; _module_preset=&#8221;default&#8221; text_text_color=&#8221;#765d4a&#8221; text_font_size=&#8221;16px&#8221; text_line_height=&#8221;1.6em&#8221; custom_margin=&#8221;0px||||false|false&#8221; custom_padding=&#8221;1px|||||&#8221; global_colors_info=&#8221;{}&#8221;]<\/p>\n<p style=\"text-align: center;\"><span>Ultrassom microfocado. O lifting n\u00e3o cir\u00fargico mais desejado do momento. Reestrutura as camadas profundas melhora qualidade da pele e redesenha o contorno facial sem cirurgia.<\/span><\/p>\n<p style=\"text-align: center;\"><b><\/b><\/p>\n<p style=\"text-align: center;\">\n<p style=\"text-align: center;\"><b><\/b><\/p>\n<p style=\"text-align: center;\"><b><\/b><\/p>\n<p>[\/et_pb_text][\/et_pb_column][\/et_pb_row][et_pb_row _builder_version=&#8221;4.22.2&#8243; _module_preset=&#8221;default&#8221; custom_margin=&#8221;-10px|auto||auto||&#8221; custom_padding=&#8221;0px||26px|||&#8221; global_colors_info=&#8221;{}&#8221;][et_pb_column type=&#8221;4_4&#8243; _builder_version=&#8221;4.22.2&#8243; _module_preset=&#8221;default&#8221; global_colors_info=&#8221;{}&#8221;][et_pb_text content_tablet=&#8221;<\/p>\n<h1 style=%22text-align: center;%22><b>Lasers e Luz Pulsada<\/b><\/h1>\n<p>&#8221; content_phone=&#8221;<\/p>\n<h1 style=%22text-align: center;%22><b><\/b><\/h1>\n<h1 style=%22text-align: center;%22><b>Lasers e Luz Pulsada<\/b><\/h1>\n<p>&#8221; content_last_edited=&#8221;on|phone&#8221; _builder_version=&#8221;4.22.2&#8243; _module_preset=&#8221;default&#8221; header_font=&#8221;Alegreya Sans|800|||||||&#8221; header_text_color=&#8221;#765d4a&#8221; header_font_size=&#8221;49px&#8221; custom_margin=&#8221;49px|||||&#8221; custom_margin_tablet=&#8221;49px|||||&#8221; custom_margin_phone=&#8221;20px||||false|false&#8221; custom_margin_last_edited=&#8221;on|phone&#8221; header_font_size_tablet=&#8221;49px&#8221; header_font_size_phone=&#8221;36px&#8221; header_font_size_last_edited=&#8221;on|phone&#8221; global_colors_info=&#8221;{}&#8221;]<\/p>\n<h1 style=\"text-align: center;\"><b>Lasers e Luz Pulsada<\/b><\/h1>\n<p>[\/et_pb_text][et_pb_text content_tablet=&#8221;<\/p>\n<p><span style=%22font-weight: 400;%22>Tratamentos personalizados para manchas, vasinhos, ros\u00e1cea e textura irregular da pele, com tecnologias como Vektra, Erbium e ND:YAG.<\/span><\/p>\n<p style=%22text-align: center;%22><b><\/b><\/p>\n<p style=%22text-align: center;%22><b><\/b><\/p>\n<p>&#8221; content_phone=&#8221;<\/p>\n<p style=%22text-align: center;%22><span>Tratamentos personalizados para manchas, vasinhos, ros\u00e1cea e textura irregular da pele, com tecnologias como Vektra, Erbium e ND:YAG.<\/span><\/p>\n<p>&#8221; content_last_edited=&#8221;on|phone&#8221; _builder_version=&#8221;4.22.2&#8243; _module_preset=&#8221;default&#8221; text_text_color=&#8221;#765d4a&#8221; text_font_size=&#8221;16px&#8221; text_line_height=&#8221;1.6em&#8221; custom_margin=&#8221;-22px||||false|false&#8221; custom_padding=&#8221;14px|||||&#8221; global_colors_info=&#8221;{}&#8221;]<\/p>\n<p><span style=\"font-weight: 400;\">Tratamentos personalizados para manchas, vasinhos, ros\u00e1cea e textura irregular da pele, com tecnologias como Vektra, Erbium e ND:YAG.<\/span><\/p>\n<p style=\"text-align: center;\"><b><\/b><\/p>\n<p style=\"text-align: center;\"><b><\/b><\/p>\n<p>[\/et_pb_text][\/et_pb_column][\/et_pb_row][et_pb_row _builder_version=&#8221;4.22.2&#8243; _module_preset=&#8221;default&#8221; custom_margin=&#8221;-10px|auto||auto||&#8221; custom_padding=&#8221;0px||26px|||&#8221; global_colors_info=&#8221;{}&#8221;][et_pb_column type=&#8221;4_4&#8243; _builder_version=&#8221;4.22.2&#8243; _module_preset=&#8221;default&#8221; global_colors_info=&#8221;{}&#8221;][et_pb_text content_tablet=&#8221;<\/p>\n<h1 style=%22text-align: center;%22><b>Lasers e Luz Pulsada<\/b><\/h1>\n<p>&#8221; content_phone=&#8221;<\/p>\n<h1 style=%22text-align: center;%22><b>Remo\u00e7\u00e3o de Les\u00f5es Cut\u00e3neas<\/b><\/h1>\n<p>&#8221; content_last_edited=&#8221;on|phone&#8221; _builder_version=&#8221;4.22.2&#8243; _module_preset=&#8221;default&#8221; header_font=&#8221;Alegreya Sans|800|||||||&#8221; header_text_color=&#8221;#765d4a&#8221; header_font_size=&#8221;49px&#8221; custom_margin=&#8221;49px|||||&#8221; custom_margin_tablet=&#8221;49px|||||&#8221; custom_margin_phone=&#8221;20px||||false|false&#8221; custom_margin_last_edited=&#8221;on|phone&#8221; header_font_size_tablet=&#8221;49px&#8221; header_font_size_phone=&#8221;36px&#8221; header_font_size_last_edited=&#8221;on|phone&#8221; global_colors_info=&#8221;{}&#8221;]<\/p>\n<h1 style=\"text-align: center;\"><b>Remo\u00e7\u00e3o de Les\u00f5es Cut\u00e2neas<\/b><\/h1>\n<p>[\/et_pb_text][et_pb_text content_tablet=&#8221;<\/p>\n<p><span style=%22font-weight: 400;%22>Seguran\u00e7a e precis\u00e3o m\u00e9dica em procedimentos para ex\u00e9rese de canceres de pele, pintas e les\u00f5es benignas.<\/span><\/p>\n<p style=%22text-align: center;%22><b><\/b><\/p>\n<p style=%22text-align: center;%22><b><\/b><\/p>\n<p>&#8221; content_phone=&#8221;<\/p>\n<p style=%22text-align: center;%22><span style=%22font-weight: 400;%22>Seguran\u00e7a e precis\u00e3o m\u00e9dica em procedimentos para ex\u00e9rese de canceres de pele, pintas e les\u00f5es benignas.<\/span><\/p>\n<p>&#8221; content_last_edited=&#8221;on|desktop&#8221; _builder_version=&#8221;4.22.2&#8243; _module_preset=&#8221;default&#8221; text_text_color=&#8221;#765d4a&#8221; text_font_size=&#8221;16px&#8221; text_line_height=&#8221;1.6em&#8221; custom_margin=&#8221;-22px||||false|false&#8221; custom_padding=&#8221;14px|||||&#8221; global_colors_info=&#8221;{}&#8221;]<\/p>\n<p style=\"text-align: center;\"><span style=\"font-weight: 400;\">Seguran\u00e7a e precis\u00e3o m\u00e9dica em procedimentos para ex\u00e9rese de canceres de pele, pintas e les\u00f5es benignas.<\/span><\/p>\n<p style=\"text-align: center;\"><b><\/b><\/p>\n<p style=\"text-align: center;\"><b><\/b><\/p>\n<p>[\/et_pb_text][\/et_pb_column][\/et_pb_row][et_pb_row _builder_version=&#8221;4.22.2&#8243; _module_preset=&#8221;default&#8221; custom_margin=&#8221;-17px|auto||auto||&#8221; global_colors_info=&#8221;{}&#8221;][et_pb_column type=&#8221;4_4&#8243; _builder_version=&#8221;4.22.2&#8243; _module_preset=&#8221;default&#8221; global_colors_info=&#8221;{}&#8221;][et_pb_button button_url=&#8221;https:\/\/wa.me\/5548991896411?text=Cheguei%20aqui%20atrav%C3%A9s%20do%20site%2C%20gostaria%20de%20mais%20informa%C3%A7%C3%B5es!&#8221; url_new_window=&#8221;on&#8221; button_text=&#8221;Agendar avalia\u00e7\u00e3o pelo WhatsApp&#8221; button_alignment=&#8221;center&#8221; button_alignment_tablet=&#8221;center&#8221; button_alignment_phone=&#8221;center&#8221; button_alignment_last_edited=&#8221;on|phone&#8221; _builder_version=&#8221;4.22.2&#8243; _module_preset=&#8221;default&#8221; custom_button=&#8221;on&#8221; button_text_color=&#8221;#765d4a&#8221; button_border_width=&#8221;1px&#8221; button_border_radius=&#8221;100px&#8221; button_font=&#8221;Abel||||||||&#8221; button_icon=&#8221;&#xf232;||fa||400&#8243; button_icon_placement=&#8221;left&#8221; button_on_hover=&#8221;off&#8221; custom_margin=&#8221;8px|||||&#8221; hover_enabled=&#8221;0&#8243; global_colors_info=&#8221;{}&#8221; sticky_enabled=&#8221;0&#8243;][\/et_pb_button][\/et_pb_column][\/et_pb_row][\/et_pb_section][et_pb_section fb_built=&#8221;1&#8243; _builder_version=&#8221;4.22.2&#8243; _module_preset=&#8221;default&#8221; background_enable_image=&#8221;off&#8221; global_colors_info=&#8221;{}&#8221;][et_pb_row _builder_version=&#8221;4.22.2&#8243; _module_preset=&#8221;default&#8221; custom_padding=&#8221;16px|||||&#8221; global_colors_info=&#8221;{}&#8221;][et_pb_column type=&#8221;4_4&#8243; _builder_version=&#8221;4.22.2&#8243; _module_preset=&#8221;default&#8221; global_colors_info=&#8221;{}&#8221;][et_pb_text content_tablet=&#8221;<\/p>\n<h1 style=%22text-align: center;%22><b>Um espa\u00e7o que inspira confian\u00e7a e bem-estar<\/b><\/h1>\n<p>&#8221; content_phone=&#8221;<\/p>\n<h1 style=%22text-align: center;%22><b>Um espa\u00e7o que inspira confian\u00e7a e bem-estar<\/b><\/h1>\n<p>&#8221; content_last_edited=&#8221;on|phone&#8221; _builder_version=&#8221;4.22.2&#8243; _module_preset=&#8221;default&#8221; header_font=&#8221;Dancing Script|800|||||||&#8221; header_text_color=&#8221;#765d4a&#8221; header_font_size=&#8221;49px&#8221; custom_margin=&#8221;2px|||||&#8221; custom_margin_tablet=&#8221;2px|||||&#8221; custom_margin_phone=&#8221;20px||||false|false&#8221; custom_margin_last_edited=&#8221;on|phone&#8221; header_font_size_tablet=&#8221;49px&#8221; header_font_size_phone=&#8221;36px&#8221; header_font_size_last_edited=&#8221;on|phone&#8221; global_colors_info=&#8221;{}&#8221;]<\/p>\n<h1 style=\"text-align: center;\"><b>Um espa\u00e7o que inspira confian\u00e7a e bem-estar<\/b><\/h1>\n<p>[\/et_pb_text][et_pb_image src=&#8221;https:\/\/renatadermato.com.br\/wp-content\/uploads\/2025\/11\/Ativo-1.webp&#8221; title_text=&#8221;Ativo 1&#8243; align=&#8221;center&#8221; force_fullwidth=&#8221;on&#8221; _builder_version=&#8221;4.22.2&#8243; _module_preset=&#8221;default&#8221; border_width_right=&#8221;2px&#8221; border_color_right=&#8221;#FFFFFF&#8221; border_width_bottom=&#8221;3px&#8221; border_color_bottom=&#8221;#FFFFFF&#8221; box_shadow_style=&#8221;preset4&#8243; box_shadow_horizontal=&#8221;23px&#8221; box_shadow_vertical=&#8221;26px&#8221; box_shadow_color=&#8221;#fff9ee&#8221; global_colors_info=&#8221;{}&#8221;][\/et_pb_image][\/et_pb_column][\/et_pb_row][et_pb_row column_structure=&#8221;1_2,1_2&#8243; _builder_version=&#8221;4.22.2&#8243; _module_preset=&#8221;default&#8221; global_colors_info=&#8221;{}&#8221;][et_pb_column type=&#8221;1_2&#8243; _builder_version=&#8221;4.22.2&#8243; _module_preset=&#8221;default&#8221; global_colors_info=&#8221;{}&#8221;][et_pb_text content_tablet=&#8221;<\/p>\n<p style=%22text-align: left;%22><b>A Experi\u00eancia Elleva<\/b><span style=%22font-weight: 400;%22><\/span><\/p>\n<p style=%22text-align: left;%22><span style=%22font-weight: 400;%22>Localizada em Crici\u00fama, a <\/span><b>Cl\u00ednica Elleva<\/b><span style=%22font-weight: 400;%22> conta com <\/span><b>485 m\u00b2 de estrutura moderna<\/b><span style=%22font-weight: 400;%22> e um ambiente que une sofistica\u00e7\u00e3o e acolhimento.<\/span><span style=%22font-weight: 400;%22><br \/><\/span><span style=%22font-weight: 400;%22> Cada detalhe da arquitetura \u00e0 ilumina\u00e7\u00e3o foi pensado para proporcionar <\/span><b>uma experi\u00eancia tranquila e exclusiva<\/b><span style=%22font-weight: 400;%22> a quem busca cuidar da pele com respeito e delicadeza.<\/span><\/p>\n<p>&#8221; content_phone=&#8221;<\/p>\n<p style=%22text-align: center;%22><span style=%22font-weight: 400;%22>Localizada em Crici\u00fama, a <\/span><b>Cl\u00ednica Elleva<\/b><span style=%22font-weight: 400;%22> conta com <\/span><b>485 m\u00b2 de estrutura moderna<\/b><span style=%22font-weight: 400;%22> e um ambiente que une sofistica\u00e7\u00e3o e acolhimento.<\/span><span style=%22font-weight: 400;%22><br \/><\/span><span style=%22font-weight: 400;%22> Cada detalhe da arquitetura \u00e0 ilumina\u00e7\u00e3o foi pensado para proporcionar <\/span><b>uma experi\u00eancia tranquila e exclusiva<\/b><span style=%22font-weight: 400;%22> a quem busca cuidar da pele com respeito e delicadeza.<\/span><\/p>\n<p>&#8221; content_last_edited=&#8221;on|phone&#8221; _builder_version=&#8221;4.22.2&#8243; _module_preset=&#8221;default&#8221; text_text_color=&#8221;#765d4a&#8221; text_font_size=&#8221;16px&#8221; text_line_height=&#8221;1.6em&#8221; custom_margin=&#8221;27px||||false|false&#8221; custom_margin_tablet=&#8221;27px||||false|false&#8221; custom_margin_phone=&#8221;-30px||||false|false&#8221; custom_margin_last_edited=&#8221;on|phone&#8221; custom_padding=&#8221;14px|||||&#8221; custom_padding_tablet=&#8221;14px|||||&#8221; custom_padding_phone=&#8221;0px||||false|false&#8221; custom_padding_last_edited=&#8221;on|phone&#8221; global_colors_info=&#8221;{}&#8221;]<\/p>\n<p style=\"text-align: left;\"><b>A Experi\u00eancia Elleva<\/b><span style=\"font-weight: 400;\"><\/span><\/p>\n<p style=\"text-align: left;\"><span style=\"font-weight: 400;\">Localizada em Crici\u00fama, a <\/span><b>Cl\u00ednica Elleva<\/b><span style=\"font-weight: 400;\"> conta com <\/span><b>485 m\u00b2 de estrutura moderna<\/b><span style=\"font-weight: 400;\"> e um ambiente que une sofistica\u00e7\u00e3o e acolhimento.<\/span><span style=\"font-weight: 400;\"><br \/><\/span><span style=\"font-weight: 400;\"> Cada detalhe da arquitetura \u00e0 ilumina\u00e7\u00e3o foi pensado para proporcionar <\/span><b>uma experi\u00eancia tranquila e exclusiva<\/b><span style=\"font-weight: 400;\"> a quem busca cuidar da pele com respeito e delicadeza.<\/span><\/p>\n<p>[\/et_pb_text][\/et_pb_column][et_pb_column type=&#8221;1_2&#8243; _builder_version=&#8221;4.22.2&#8243; _module_preset=&#8221;default&#8221; global_colors_info=&#8221;{}&#8221;][et_pb_gallery gallery_ids=&#8221;104,105,106,107&#8243; fullwidth=&#8221;on&#8221; _builder_version=&#8221;4.22.2&#8243; _module_preset=&#8221;default&#8221; global_colors_info=&#8221;{}&#8221;][\/et_pb_gallery][\/et_pb_column][\/et_pb_row][\/et_pb_section][et_pb_section fb_built=&#8221;1&#8243; module_id=&#8221;contato&#8221; _builder_version=&#8221;4.22.2&#8243; _module_preset=&#8221;default&#8221; background_image=&#8221;https:\/\/renatadermato.com.br\/wp-content\/uploads\/2025\/11\/PastelGradient13.png&#8221; global_colors_info=&#8221;{}&#8221;][et_pb_row _builder_version=&#8221;4.22.2&#8243; _module_preset=&#8221;default&#8221; custom_padding=&#8221;16px|||||&#8221; global_colors_info=&#8221;{}&#8221;][et_pb_column type=&#8221;4_4&#8243; _builder_version=&#8221;4.22.2&#8243; _module_preset=&#8221;default&#8221; global_colors_info=&#8221;{}&#8221;][et_pb_text content_tablet=&#8221;<\/p>\n<h1 style=%22text-align: center;%22><b>Sua pele reflete quem voc\u00ea \u00e9. <br \/><\/b><b>Cuide dela com quem entende de beleza natural.<\/b><\/h1>\n<p>&#8221; content_phone=&#8221;<\/p>\n<h1 style=%22text-align: center;%22><b>Sua pele reflete quem voc\u00ea \u00e9. <br \/><\/b><b>Cuide dela com quem entende de beleza natural.<\/b><\/h1>\n<p>&#8221; content_last_edited=&#8221;on|phone&#8221; _builder_version=&#8221;4.22.2&#8243; _module_preset=&#8221;default&#8221; header_font=&#8221;Dancing Script|800|||||||&#8221; header_text_color=&#8221;#765d4a&#8221; header_font_size=&#8221;49px&#8221; custom_margin=&#8221;2px|||||&#8221; custom_margin_tablet=&#8221;2px|||||&#8221; custom_margin_phone=&#8221;20px||||false|false&#8221; custom_margin_last_edited=&#8221;on|phone&#8221; header_font_size_tablet=&#8221;49px&#8221; header_font_size_phone=&#8221;36px&#8221; header_font_size_last_edited=&#8221;on|phone&#8221; global_colors_info=&#8221;{}&#8221;]<\/p>\n<h1 style=\"text-align: center;\"><b>Sua pele reflete quem voc\u00ea \u00e9. <br \/><\/b><b>Cuide dela com quem entende de beleza natural.<\/b><\/h1>\n<p>[\/et_pb_text][\/et_pb_column][\/et_pb_row][et_pb_row column_structure=&#8221;1_2,1_2&#8243; _builder_version=&#8221;4.22.2&#8243; _module_preset=&#8221;default&#8221; global_colors_info=&#8221;{}&#8221;][et_pb_column type=&#8221;1_2&#8243; _builder_version=&#8221;4.22.2&#8243; _module_preset=&#8221;default&#8221; global_colors_info=&#8221;{}&#8221;][et_pb_text content_tablet=&#8221;<\/p>\n<p><span style=%22font-weight: 400;%22>Agende sua avalia\u00e7\u00e3o com a <\/span><b>Dra. Renata Dario Simon<\/b><span style=%22font-weight: 400;%22>, dermatologista em Crici\u00fama, e descubra o que a ci\u00eancia e a naturalidade podem fazer pela sua pele.<\/span><span style=%22font-weight: 400;%22><br \/><\/span><span style=%22font-weight: 400;%22> Resultados reais, sem exageros para voc\u00ea se reconhecer no espelho com leveza e confian\u00e7a.<\/span><\/p>\n<p><span style=%22font-weight: 400;%22><\/span><\/p>\n<p>&#8221; content_phone=&#8221;<\/p>\n<p style=%22text-align: center;%22><span style=%22font-weight: 400;%22>Localizada em Crici\u00fama, a <\/span><b>Cl\u00ednica Elleva<\/b><span style=%22font-weight: 400;%22> conta com <\/span><b>485 m\u00b2 de estrutura moderna<\/b><span style=%22font-weight: 400;%22> e um ambiente que une sofistica\u00e7\u00e3o e acolhimento.<\/span><span style=%22font-weight: 400;%22><br \/><\/span><span style=%22font-weight: 400;%22> Cada detalhe da arquitetura \u00e0 ilumina\u00e7\u00e3o foi pensado para proporcionar <\/span><b>uma experi\u00eancia tranquila e exclusiva<\/b><span style=%22font-weight: 400;%22> a quem busca cuidar da pele com respeito e delicadeza.<\/span><\/p>\n<p>&#8221; content_last_edited=&#8221;on|phone&#8221; _builder_version=&#8221;4.22.2&#8243; _module_preset=&#8221;default&#8221; text_text_color=&#8221;#765d4a&#8221; text_font_size=&#8221;16px&#8221; text_line_height=&#8221;1.6em&#8221; custom_margin=&#8221;2px||0px||false|false&#8221; custom_margin_tablet=&#8221;2px||0px||false|false&#8221; custom_margin_phone=&#8221;-30px||||false|false&#8221; custom_margin_last_edited=&#8221;on|phone&#8221; custom_padding=&#8221;14px|||||&#8221; custom_padding_tablet=&#8221;14px|||||&#8221; custom_padding_phone=&#8221;0px||||false|false&#8221; custom_padding_last_edited=&#8221;on|phone&#8221; global_colors_info=&#8221;{}&#8221;]<\/p>\n<p><span style=\"font-weight: 400;\">Agende sua avalia\u00e7\u00e3o com a <\/span><b>Dra. Renata Dario Simon<\/b><span style=\"font-weight: 400;\">, dermatologista em Crici\u00fama, e descubra o que a ci\u00eancia e a naturalidade podem fazer pela sua pele.<\/span><span style=\"font-weight: 400;\"><br \/><\/span><span style=\"font-weight: 400;\"> Resultados reais, sem exageros para voc\u00ea se reconhecer no espelho com leveza e confian\u00e7a.<\/span><\/p>\n<p><span style=\"font-weight: 400;\"><\/span><\/p>\n<p>[\/et_pb_text][et_pb_divider color=&#8221;#000000&#8243; _builder_version=&#8221;4.22.2&#8243; _module_preset=&#8221;default&#8221; custom_margin=&#8221;9px||-2px||false|false&#8221; custom_margin_tablet=&#8221;9px||-2px||false|false&#8221; custom_margin_phone=&#8221;20px||-2px||false|false&#8221; custom_margin_last_edited=&#8221;on|phone&#8221; global_colors_info=&#8221;{}&#8221;][\/et_pb_divider][et_pb_text content_tablet=&#8221;<\/p>\n<p><strong style=%22font-size: 16px;%22>\u2022<\/strong><span style=%22font-size: 16px;%22> Atendimento na <\/span><b style=%22font-size: 16px;%22>Cl\u00ednica Elleva \u2013 Av. Estev\u00e3o Em\u00edlio de Souza, 24 \u00b7 4\u00ba andar \u00b7 Crici\u00fama \u2013 SC<\/b><span style=%22font-weight: 400;%22><\/span><\/p>\n<p><span style=%22font-weight: 400;%22><b>\u2022 WhatsApp: +55 48 9189-6411<br \/>\u2022 E-mail: contato@clinicanelleva.com.br<br \/><\/b><\/span><span style=%22font-weight: 400;%22><b><\/b><\/span><\/p>\n<p>&#8221; content_phone=&#8221;<\/p>\n<p style=%22text-align: center;%22><span style=%22font-weight: 400;%22>Localizada em Crici\u00fama, a <\/span><b>Cl\u00ednica Elleva<\/b><span style=%22font-weight: 400;%22> conta com <\/span><b>485 m\u00b2 de estrutura moderna<\/b><span style=%22font-weight: 400;%22> e um ambiente que une sofistica\u00e7\u00e3o e acolhimento.<\/span><span style=%22font-weight: 400;%22><br \/><\/span><span style=%22font-weight: 400;%22> Cada detalhe da arquitetura \u00e0 ilumina\u00e7\u00e3o foi pensado para proporcionar <\/span><b>uma experi\u00eancia tranquila e exclusiva<\/b><span style=%22font-weight: 400;%22> a quem busca cuidar da pele com respeito e delicadeza.<\/span><\/p>\n<p>&#8221; content_last_edited=&#8221;on|phone&#8221; _builder_version=&#8221;4.22.2&#8243; _module_preset=&#8221;default&#8221; text_text_color=&#8221;#765d4a&#8221; text_font_size=&#8221;16px&#8221; text_line_height=&#8221;1.6em&#8221; custom_margin=&#8221;2px||26px||false|false&#8221; custom_margin_tablet=&#8221;2px||26px||false|false&#8221; custom_margin_phone=&#8221;0px||||false|false&#8221; custom_margin_last_edited=&#8221;on|phone&#8221; custom_padding=&#8221;0px|||||&#8221; custom_padding_tablet=&#8221;0px|||||&#8221; custom_padding_phone=&#8221;0px||||false|false&#8221; custom_padding_last_edited=&#8221;on|phone&#8221; global_colors_info=&#8221;{}&#8221;]<\/p>\n<p><strong style=\"font-size: 16px;\">\u2022<\/strong><span style=\"font-size: 16px;\"> Atendimento na <\/span><b style=\"font-size: 16px;\">Cl\u00ednica Elleva \u2013 Av. Estev\u00e3o Em\u00edlio de Souza, 24 \u00b7 4\u00ba andar \u00b7 Crici\u00fama \u2013 SC<\/b><span style=\"font-weight: 400;\"><\/span><\/p>\n<p><span style=\"font-weight: 400;\"><b>\u2022 WhatsApp: +55 48 99189-6411<br \/>\u2022 E-mail: contato@clinicanelleva.com.br<br \/><\/b><\/span><span style=\"font-weight: 400;\"><b><\/b><\/span><\/p>\n<p>[\/et_pb_text][et_pb_divider color=&#8221;#000000&#8243; _builder_version=&#8221;4.22.2&#8243; _module_preset=&#8221;default&#8221; custom_margin=&#8221;9px||-2px|||&#8221; global_colors_info=&#8221;{}&#8221;][\/et_pb_divider][et_pb_button button_url=&#8221;https:\/\/wa.me\/5548991896411?text=Cheguei%20aqui%20atrav%C3%A9s%20do%20site%2C%20gostaria%20de%20mais%20informa%C3%A7%C3%B5es!&#8221; url_new_window=&#8221;on&#8221; button_text=&#8221;Agendar avalia\u00e7\u00e3o pelo WhatsApp&#8221; button_alignment=&#8221;left&#8221; button_alignment_tablet=&#8221;center&#8221; button_alignment_phone=&#8221;center&#8221; button_alignment_last_edited=&#8221;on|phone&#8221; _builder_version=&#8221;4.22.2&#8243; _module_preset=&#8221;default&#8221; custom_button=&#8221;on&#8221; button_text_color=&#8221;#765d4a&#8221; button_border_width=&#8221;1px&#8221; button_border_radius=&#8221;100px&#8221; button_font=&#8221;Abel||||||||&#8221; button_icon=&#8221;&#xf232;||fa||400&#8243; button_icon_placement=&#8221;left&#8221; button_on_hover=&#8221;off&#8221; custom_margin=&#8221;8px|||||&#8221; hover_enabled=&#8221;0&#8243; global_colors_info=&#8221;{}&#8221; sticky_enabled=&#8221;0&#8243;][\/et_pb_button][\/et_pb_column][et_pb_column type=&#8221;1_2&#8243; _builder_version=&#8221;4.22.2&#8243; _module_preset=&#8221;default&#8221; global_colors_info=&#8221;{}&#8221;][et_pb_code _builder_version=&#8221;4.22.2&#8243; _module_preset=&#8221;default&#8221; custom_margin=&#8221;-7px|||||&#8221; box_shadow_style=&#8221;preset4&#8243; global_colors_info=&#8221;{}&#8221;]<iframe src=\"https:\/\/www.google.com\/maps\/embed?pb=!1m18!1m12!1m3!1d3500.0708057588045!2d-49.35190492449706!3d-28.687528475634764!2m3!1f0!2f0!3f0!3m2!1i1024!2i768!4f13.1!3m3!1m2!1s0x9521790178d766f9%3A0x390405ede1043f43!2sCl%C3%ADnica%20Elleva%20-%20Sa%C3%BAde%20e%20Bem-Estar%20%7C%20Dermatologista%2C%20Cirurgia%20Vascular%2C%20Urologista%20e%20Cirurgia%20Pl%C3%A1stica!5e0!3m2!1spt-BR!2sbr!4v1764347663199!5m2!1spt-BR!2sbr\" width=\"600\" height=\"450\" style=\"border:0;\" allowfullscreen=\"\" loading=\"lazy\" referrerpolicy=\"no-referrer-when-downgrade\"><\/iframe>[\/et_pb_code][\/et_pb_column][\/et_pb_row][\/et_pb_section][et_pb_section fb_built=&#8221;1&#8243; _builder_version=&#8221;4.22.2&#8243; _module_preset=&#8221;default&#8221; background_color=&#8221;#765d4a&#8221; custom_padding=&#8221;49px||0px|||&#8221; global_colors_info=&#8221;{}&#8221;][et_pb_row column_structure=&#8221;3_4,1_4&#8243; _builder_version=&#8221;4.22.2&#8243; _module_preset=&#8221;default&#8221; custom_margin=&#8221;-42px|auto||auto||&#8221; global_colors_info=&#8221;{}&#8221;][et_pb_column type=&#8221;3_4&#8243; _builder_version=&#8221;4.22.2&#8243; _module_preset=&#8221;default&#8221; global_colors_info=&#8221;{}&#8221;][et_pb_text _builder_version=&#8221;4.22.2&#8243; _module_preset=&#8221;default&#8221; text_text_color=&#8221;#FFFFFF&#8221; hover_enabled=&#8221;0&#8243; global_colors_info=&#8221;{}&#8221; sticky_enabled=&#8221;0&#8243;]<\/p>\n<p style=\"text-align: center;\"><span style=\"font-weight: 400;\">\u00a9 2025 | Todos os direitos reservados\u00a0<\/span><\/p>\n<p>[\/et_pb_text][\/et_pb_column][et_pb_column type=&#8221;1_4&#8243; _builder_version=&#8221;4.22.2&#8243; _module_preset=&#8221;default&#8221; global_colors_info=&#8221;{}&#8221;][et_pb_social_media_follow icon_color=&#8221;#FFFFFF&#8221; use_icon_font_size=&#8221;on&#8221; icon_font_size=&#8221;17px&#8221; _builder_version=&#8221;4.22.2&#8243; _module_preset=&#8221;default&#8221; background_enable_color=&#8221;off&#8221; custom_margin=&#8221;-10px|||||&#8221; text_orientation_tablet=&#8221;&#8221; text_orientation_phone=&#8221;center&#8221; text_orientation_last_edited=&#8221;on|phone&#8221; global_colors_info=&#8221;{}&#8221;][et_pb_social_media_follow_network social_network=&#8221;instagram&#8221; url=&#8221;https:\/\/www.instagram.com\/renatadariosimon_dermato\/&#8221; icon_color=&#8221;#765d4a&#8221; _builder_version=&#8221;4.22.2&#8243; _module_preset=&#8221;default&#8221; background_color=&#8221;#FFFFFF&#8221; background_enable_color=&#8221;on&#8221; global_colors_info=&#8221;{}&#8221; follow_button=&#8221;off&#8221; url_new_window=&#8221;on&#8221;]instagram[\/et_pb_social_media_follow_network][\/et_pb_social_media_follow][\/et_pb_column][\/et_pb_row][\/et_pb_section]<\/p>\n","protected":false},"excerpt":{"rendered":"<p>Beleza natural \u00e9 uma forma de arte. E a arte est\u00e1 nos detalhes.Dermatologia est\u00e9tica com mais de 10 anos de experi\u00eancia em tratamentos faciais e rejuvenescimento da pele resultados sutis, harm\u00f4nicos e duradouros.Dra. Renata Dario SimonDermatologista focada em resultados sutis e sem exagero \u00a0Sou a Dra. Renata Dario Simon, m\u00e9dica dermatologista com mais de 10 [&hellip;]<\/p>\n","protected":false},"author":2,"featured_media":0,"parent":0,"menu_order":0,"comment_status":"closed","ping_status":"closed","template":"page-template-blank.php","meta":{"_et_pb_use_builder":"on","_et_pb_old_content":"<!-- wp:divi\/placeholder \/-->","_et_gb_content_width":"","footnotes":""},"class_list":["post-21","page","type-page","status-publish","hentry"],"_links":{"self":[{"href":"https:\/\/renatadermato.com.br\/index.php?rest_route=\/wp\/v2\/pages\/21","targetHints":{"allow":["GET"]}}],"collection":[{"href":"https:\/\/renatadermato.com.br\/index.php?rest_route=\/wp\/v2\/pages"}],"about":[{"href":"https:\/\/renatadermato.com.br\/index.php?rest_route=\/wp\/v2\/types\/page"}],"author":[{"embeddable":true,"href":"https:\/\/renatadermato.com.br\/index.php?rest_route=\/wp\/v2\/users\/2"}],"replies":[{"embeddable":true,"href":"https:\/\/renatadermato.com.br\/index.php?rest_route=%2Fwp%2Fv2%2Fcomments&post=21"}],"version-history":[{"count":78,"href":"https:\/\/renatadermato.com.br\/index.php?rest_route=\/wp\/v2\/pages\/21\/revisions"}],"predecessor-version":[{"id":154,"href":"https:\/\/renatadermato.com.br\/index.php?rest_route=\/wp\/v2\/pages\/21\/revisions\/154"}],"wp:attachment":[{"href":"https:\/\/renatadermato.com.br\/index.php?rest_route=%2Fwp%2Fv2%2Fmedia&parent=21"}],"curies":[{"name":"wp","href":"https:\/\/api.w.org\/{rel}","templated":true}]}}